{"id":474,"date":"2020-10-22T19:48:01","date_gmt":"2020-10-22T22:48:01","guid":{"rendered":"http:\/\/nuevaweb.sanjosei27.edu.ar\/?page_id=474"},"modified":"2020-11-05T20:08:44","modified_gmt":"2020-11-05T23:08:44","slug":"futuro-profesionales","status":"publish","type":"page","link":"https:\/\/sanjosei27.edu.ar\/?page_id=474","title":{"rendered":"ALUMNOS EN ACCI\u00d3N"},"content":{"rendered":"\t\t<div data-elementor-type=\"wp-page\" data-elementor-id=\"474\" class=\"elementor elementor-474\">\n\t\t\t\t\t\t<section class=\"elementor-section elementor-top-section elementor-element elementor-element-4c6ac1e elementor-section-boxed elementor-section-height-default elementor-section-height-default\" data-id=\"4c6ac1e\" data-element_type=\"section\" data-e-type=\"section\">\n\t\t\t\t\t\t\t<div class=\"elementor-background-overlay\"><\/div>\n\t\t\t\t\t\t\t<div class=\"elementor-container elementor-column-gap-default\">\n\t\t\t\t\t<div class=\"elementor-column elementor-col-100 elementor-top-column elementor-element elementor-element-6a9b3f6\" data-id=\"6a9b3f6\" data-element_type=\"column\" data-e-type=\"column\">\n\t\t\t<div class=\"elementor-widget-wrap elementor-element-populated\">\n\t\t\t\t\t\t<div class=\"elementor-element elementor-element-0122724 elementor-widget elementor-widget-spacer\" data-id=\"0122724\" data-element_type=\"widget\" data-e-type=\"widget\" data-widget_type=\"spacer.default\">\n\t\t\t\t<div class=\"elementor-widget-container\">\n\t\t\t\t\t\t\t<div class=\"elementor-spacer\">\n\t\t\t<div class=\"elementor-spacer-inner\"><\/div>\n\t\t<\/div>\n\t\t\t\t\t\t<\/div>\n\t\t\t\t<\/div>\n\t\t\t\t<div class=\"elementor-element elementor-element-001724d elementor-widget elementor-widget-heading\" data-id=\"001724d\" data-element_type=\"widget\" data-e-type=\"widget\" data-widget_type=\"heading.default\">\n\t\t\t\t<div class=\"elementor-widget-container\">\n\t\t\t\t\t<h2 class=\"elementor-heading-title elementor-size-default\">ALUMNOS EN ACCI\u00d3N<\/h2>\t\t\t\t<\/div>\n\t\t\t\t<\/div>\n\t\t\t\t<div class=\"elementor-element elementor-element-c567f18 elementor-widget elementor-widget-spacer\" data-id=\"c567f18\" data-element_type=\"widget\" data-e-type=\"widget\" data-widget_type=\"spacer.default\">\n\t\t\t\t<div class=\"elementor-widget-container\">\n\t\t\t\t\t\t\t<div class=\"elementor-spacer\">\n\t\t\t<div class=\"elementor-spacer-inner\"><\/div>\n\t\t<\/div>\n\t\t\t\t\t\t<\/div>\n\t\t\t\t<\/div>\n\t\t\t\t\t<\/div>\n\t\t<\/div>\n\t\t\t\t\t<\/div>\n\t\t<\/section>\n\t\t\t\t<section class=\"elementor-section elementor-top-section elementor-element elementor-element-0a33278 elementor-section-boxed elementor-section-height-default elementor-section-height-default\" data-id=\"0a33278\" data-element_type=\"section\" data-e-type=\"section\">\n\t\t\t\t\t\t<div class=\"elementor-container elementor-column-gap-default\">\n\t\t\t\t\t<div class=\"elementor-column elementor-col-100 elementor-top-column elementor-element elementor-element-3f3c967\" data-id=\"3f3c967\" data-element_type=\"column\" data-e-type=\"column\">\n\t\t\t<div class=\"elementor-widget-wrap elementor-element-populated\">\n\t\t\t\t\t\t<div class=\"elementor-element elementor-element-25f421a elementor-widget elementor-widget-prime-slider-flogia\" data-id=\"25f421a\" data-element_type=\"widget\" data-e-type=\"widget\" data-widget_type=\"prime-slider-flogia.default\">\n\t\t\t\t<div class=\"elementor-widget-container\">\n\t\t\t\t\t\t\t<div class=\"bdt-prime-slider\">\n\t\t\t<div class=\"bdt-prime-slider-flogia\">\n\t\t\t\t<div class=\"bdt-position-relative bdt-visible-toggle\" data-settings=\"{&quot;id&quot;:&quot;#bdt-25f421a&quot;,&quot;animation_status&quot;:&quot;no&quot;}\" id=\"bdt-25f421a\" bdt-slideshow=\"{&quot;animation&quot;:&quot;fade&quot;,&quot;ratio&quot;:&quot;16:9&quot;,&quot;min-height&quot;:&quot;520&quot;,&quot;autoplay&quot;:true,&quot;autoplay-interval&quot;:7000,&quot;pause-on-hover&quot;:false,&quot;velocity&quot;:1,&quot;finite&quot;:false}\">\n\t\t\t\t\t<ul class=\"bdt-slideshow-items\">\n\t\t\t\t\t\t\n                <li class=\"bdt-slideshow-item bdt-flex elementor-repeater-item-2778\">\n\n                    \n                        \t\t\t\t\t\t<div class=\"bdt-ps-slide-img\"\n\t\t\t\t\t\t\tstyle=\"background-image: url('https:\/\/sanjosei27.edu.ar\/wp-content\/uploads\/2024\/12\/DESARROLLO-DE-GRAFICAS-2026_0.jpg')\"><\/div>\n\t\t\t\t\t\t\n                        \n                    \t                        <div class=\"bdt-overlay-default bdt-position-cover bdt-blend-multiply\"><\/div>\n\t                    \n                    \n        <div class=\"bdt-ps-container\">\n            <div class=\"bdt-ps-content\">\n\n                                    <div class=\"bdt-ps-category-wrapper\" data-bdt-slideshow-parallax=\"y: 50,0,-50; opacity: 1,1,0\">\n                                <span class=\"bdt-ps-category\" data-reveal=\"reveal-active\">\n            <a href=\"https:\/\/sanjosei27.edu.ar\/?cat=5\" rel=\"tag\">ALUMNADO<\/a> <a href=\"https:\/\/sanjosei27.edu.ar\/?cat=11\" rel=\"tag\">NOVEDADES<\/a>        <\/span>\n                            <\/div>\n                \n                                    <div class=\"bdt-main-title\">\n                        <h1 class=\"bdt-title-tag\" data-bdt-slideshow-parallax=\"y: 80,0,-80; opacity: 1,1,0\" data-reveal=\"reveal-active\">\n\n                            <a href=\"https:\/\/sanjosei27.edu.ar\/?p=2778\">\n                                <span class=\"frist-word\">Aranceles<\/span> &#8211; 2026                            <\/a>\n\n                        <\/h1>\n\n                                    <div class=\"bdt-blog-text\" data-bdt-slideshow-parallax=\"y: 100,0,-60; opacity: 1,1,0\" data-reveal=\"reveal-active\">\n                <p>El Instituto Superior San Jos\u00e9 I-27 informa, los aranceles de todas las carreras ser\u00e1n actualizados durante los primero meses del 2025<\/p>\n            <\/div>\n        \n                    <\/div>\n                \n                \n            <\/div>\n        <\/div>\n\n        \n                    \n                <\/li>\n\n\n            \n                <li class=\"bdt-slideshow-item bdt-flex elementor-repeater-item-2894\">\n\n                    \n                        \t\t\t\t\t\t<div class=\"bdt-ps-slide-img\"\n\t\t\t\t\t\t\tstyle=\"background-image: url('https:\/\/sanjosei27.edu.ar\/wp-content\/uploads\/2025\/10\/posteo21.jpg')\"><\/div>\n\t\t\t\t\t\t\n                        \n                    \t                        <div class=\"bdt-overlay-default bdt-position-cover bdt-blend-multiply\"><\/div>\n\t                    \n                    \n        <div class=\"bdt-ps-container\">\n            <div class=\"bdt-ps-content\">\n\n                                    <div class=\"bdt-ps-category-wrapper\" data-bdt-slideshow-parallax=\"y: 50,0,-50; opacity: 1,1,0\">\n                                <span class=\"bdt-ps-category\" data-reveal=\"reveal-active\">\n            <a href=\"https:\/\/sanjosei27.edu.ar\/?cat=46\" rel=\"tag\">CURSOS Y CAPACITACIONES<\/a> <a href=\"https:\/\/sanjosei27.edu.ar\/?cat=11\" rel=\"tag\">NOVEDADES<\/a>        <\/span>\n                            <\/div>\n                \n                                    <div class=\"bdt-main-title\">\n                        <h1 class=\"bdt-title-tag\" data-bdt-slideshow-parallax=\"y: 80,0,-80; opacity: 1,1,0\" data-reveal=\"reveal-active\">\n\n                            <a href=\"https:\/\/sanjosei27.edu.ar\/?p=2894\">\n                                <span class=\"frist-word\">\u201cLa<\/span> Escritura en el Nivel Medio: Desaf\u00edos y Construcciones Did\u00e1cticas\u201d                            <\/a>\n\n                        <\/h1>\n\n                                    <div class=\"bdt-blog-text\" data-bdt-slideshow-parallax=\"y: 100,0,-60; opacity: 1,1,0\" data-reveal=\"reveal-active\">\n                <p>Comenz\u00f3 a dictarse el curso semipresencial \u201cLa Escritura en el Nivel Medio: Desaf\u00edos y Construcciones Did\u00e1cticas\u201d, aprobado por Resoluci\u00f3n Ministerial N\u00ba 3642.<\/p>\n            <\/div>\n        \n                    <\/div>\n                \n                \n            <\/div>\n        <\/div>\n\n        \n                    \n                <\/li>\n\n\n            \n                <li class=\"bdt-slideshow-item bdt-flex elementor-repeater-item-2888\">\n\n                    \n                        \t\t\t\t\t\t<div class=\"bdt-ps-slide-img\"\n\t\t\t\t\t\t\tstyle=\"background-image: url('https:\/\/sanjosei27.edu.ar\/wp-content\/uploads\/2025\/10\/posteo22.jpg')\"><\/div>\n\t\t\t\t\t\t\n                        \n                    \t                        <div class=\"bdt-overlay-default bdt-position-cover bdt-blend-multiply\"><\/div>\n\t                    \n                    \n        <div class=\"bdt-ps-container\">\n            <div class=\"bdt-ps-content\">\n\n                                    <div class=\"bdt-ps-category-wrapper\" data-bdt-slideshow-parallax=\"y: 50,0,-50; opacity: 1,1,0\">\n                                <span class=\"bdt-ps-category\" data-reveal=\"reveal-active\">\n            <a href=\"https:\/\/sanjosei27.edu.ar\/?cat=46\" rel=\"tag\">CURSOS Y CAPACITACIONES<\/a> <a href=\"https:\/\/sanjosei27.edu.ar\/?cat=11\" rel=\"tag\">NOVEDADES<\/a>        <\/span>\n                            <\/div>\n                \n                                    <div class=\"bdt-main-title\">\n                        <h1 class=\"bdt-title-tag\" data-bdt-slideshow-parallax=\"y: 80,0,-80; opacity: 1,1,0\" data-reveal=\"reveal-active\">\n\n                            <a href=\"https:\/\/sanjosei27.edu.ar\/?p=2888\">\n                                <span class=\"frist-word\">Jornada<\/span> de Educaci\u00f3n Emocional                            <\/a>\n\n                        <\/h1>\n\n                                    <div class=\"bdt-blog-text\" data-bdt-slideshow-parallax=\"y: 100,0,-60; opacity: 1,1,0\" data-reveal=\"reveal-active\">\n                <p>El viernes 17 de octubre, de 17 a 22 horas, la jornada \u201cAcompa\u00f1ar, escuchar y sentir para la ense\u00f1anza transformadora\u201d, aprobada por Resoluci\u00f3n Ministerial N\u00ba 3480.<\/p>\n            <\/div>\n        \n                    <\/div>\n                \n                \n            <\/div>\n        <\/div>\n\n        \n                    \n                <\/li>\n\n\n            \n                <li class=\"bdt-slideshow-item bdt-flex elementor-repeater-item-2881\">\n\n                    \n                        \t\t\t\t\t\t<div class=\"bdt-ps-slide-img\"\n\t\t\t\t\t\t\tstyle=\"background-image: url('https:\/\/sanjosei27.edu.ar\/wp-content\/uploads\/2025\/10\/posteo24.jpg')\"><\/div>\n\t\t\t\t\t\t\n                        \n                    \t                        <div class=\"bdt-overlay-default bdt-position-cover bdt-blend-multiply\"><\/div>\n\t                    \n                    \n        <div class=\"bdt-ps-container\">\n            <div class=\"bdt-ps-content\">\n\n                                    <div class=\"bdt-ps-category-wrapper\" data-bdt-slideshow-parallax=\"y: 50,0,-50; opacity: 1,1,0\">\n                                <span class=\"bdt-ps-category\" data-reveal=\"reveal-active\">\n            <a href=\"https:\/\/sanjosei27.edu.ar\/?cat=46\" rel=\"tag\">CURSOS Y CAPACITACIONES<\/a> <a href=\"https:\/\/sanjosei27.edu.ar\/?cat=11\" rel=\"tag\">NOVEDADES<\/a>        <\/span>\n                            <\/div>\n                \n                                    <div class=\"bdt-main-title\">\n                        <h1 class=\"bdt-title-tag\" data-bdt-slideshow-parallax=\"y: 80,0,-80; opacity: 1,1,0\" data-reveal=\"reveal-active\">\n\n                            <a href=\"https:\/\/sanjosei27.edu.ar\/?p=2881\">\n                                <span class=\"frist-word\">Curso<\/span> de Actualizaci\u00f3n para profesores de Ingl\u00e9s                            <\/a>\n\n                        <\/h1>\n\n                                    <div class=\"bdt-blog-text\" data-bdt-slideshow-parallax=\"y: 100,0,-60; opacity: 1,1,0\" data-reveal=\"reveal-active\">\n                <p>Curso virtual \u201cIntegrating the four main skills, using an integrated approach in class\u201d, aprobado por Resoluci\u00f3n Ministerial N\u00ba 3674.<\/p>\n            <\/div>\n        \n                    <\/div>\n                \n                \n            <\/div>\n        <\/div>\n\n        \n                    \n                <\/li>\n\n\n            \n                <li class=\"bdt-slideshow-item bdt-flex elementor-repeater-item-2847\">\n\n                    \n                        \t\t\t\t\t\t<div class=\"bdt-ps-slide-img\"\n\t\t\t\t\t\t\tstyle=\"background-image: url('https:\/\/sanjosei27.edu.ar\/wp-content\/uploads\/2025\/05\/imgen-web-2025_4.jpg')\"><\/div>\n\t\t\t\t\t\t\n                        \n                    \t                        <div class=\"bdt-overlay-default bdt-position-cover bdt-blend-multiply\"><\/div>\n\t                    \n                    \n        <div class=\"bdt-ps-container\">\n            <div class=\"bdt-ps-content\">\n\n                                    <div class=\"bdt-ps-category-wrapper\" data-bdt-slideshow-parallax=\"y: 50,0,-50; opacity: 1,1,0\">\n                                <span class=\"bdt-ps-category\" data-reveal=\"reveal-active\">\n            <a href=\"https:\/\/sanjosei27.edu.ar\/?cat=11\" rel=\"tag\">NOVEDADES<\/a>        <\/span>\n                            <\/div>\n                \n                                    <div class=\"bdt-main-title\">\n                        <h1 class=\"bdt-title-tag\" data-bdt-slideshow-parallax=\"y: 80,0,-80; opacity: 1,1,0\" data-reveal=\"reveal-active\">\n\n                            <a href=\"https:\/\/sanjosei27.edu.ar\/?p=2847\">\n                                <span class=\"frist-word\">Padre<\/span> Ricardo Romero: figura clave en los inicios del Instituto                            <\/a>\n\n                        <\/h1>\n\n                                    <div class=\"bdt-blog-text\" data-bdt-slideshow-parallax=\"y: 100,0,-60; opacity: 1,1,0\" data-reveal=\"reveal-active\">\n                <p>El Instituto Superior San Jos\u00e9 I-27 informa, los aranceles de todas las carreras ser\u00e1n actualizados durante los primero meses del 2025<\/p>\n            <\/div>\n        \n                    <\/div>\n                \n                \n            <\/div>\n        <\/div>\n\n        \n                    \n                <\/li>\n\n\n            \n                    <\/ul>\n\n                    \n                    <div class=\"bdt-navigation-arrows bdt-position-large bdt-position-z-index reveal-muted bdt-position-center-left\">\n                <a class=\"bdt-prime-slider-previous\" href=\"#\" bdt-slidenav-previous bdt-slideshow-item=\"previous\"><\/a>\n\n                <ul class=\"bdt-slideshow-nav bdt-ps-dotnav bdt-dotnav bdt-dotnav-vertical\"><\/ul>\n\n                <a class=\"bdt-prime-slider-next\" href=\"#\" bdt-slidenav-next bdt-slideshow-item=\"next\"><\/a>\n            <\/div>\n        \n        \n                    \n        \n        \n                <\/div>\n\n            <\/div>\n        <\/div>\n        \t\t\t\t<\/div>\n\t\t\t\t<\/div>\n\t\t\t\t\t<\/div>\n\t\t<\/div>\n\t\t\t\t\t<\/div>\n\t\t<\/section>\n\t\t\t\t<section class=\"elementor-section elementor-top-section elementor-element elementor-element-9450164 elementor-section-boxed elementor-section-height-default elementor-section-height-default\" data-id=\"9450164\" data-element_type=\"section\" data-e-type=\"section\">\n\t\t\t\t\t\t<div class=\"elementor-container elementor-column-gap-default\">\n\t\t\t\t\t<div class=\"elementor-column elementor-col-100 elementor-top-column elementor-element elementor-element-d3c43d0\" data-id=\"d3c43d0\" data-element_type=\"column\" data-e-type=\"column\">\n\t\t\t<div class=\"elementor-widget-wrap elementor-element-populated\">\n\t\t\t\t\t\t<div class=\"elementor-element elementor-element-abd4b72 animated-slow elementor-invisible elementor-widget elementor-widget-elementskit-blog-posts\" data-id=\"abd4b72\" data-element_type=\"widget\" data-e-type=\"widget\" data-settings=\"{&quot;_animation&quot;:&quot;fadeIn&quot;}\" data-widget_type=\"elementskit-blog-posts.default\">\n\t\t\t\t<div class=\"elementor-widget-container\">\n\t\t\t\t\t<div class=\"ekit-wid-con\" >        <div id=\"post-items--abd4b72\" class=\"row post-items\" data-masonry-config=\"true\">\n                    <div class=\"col-lg-4 col-md-6\">\n\n                                    <div class=\"elementskit-post-image-card\">\n                        <div class=\"elementskit-entry-header\">\n                                                            <a href=\"https:\/\/sanjosei27.edu.ar\/?p=2585\" class=\"elementskit-entry-thumb\">\n                                    <img decoding=\"async\" src=\"https:\/\/sanjosei27.edu.ar\/wp-content\/uploads\/2024\/05\/web_img_nota4_2024.jpg\" alt=\"Convenio con el IPEEC para pr\u00e1cticas profesionales\">\n                                <\/a><!-- .elementskit-entry-thumb END -->\n                                                                                                    <div class=\"elementskit-meta-lists\">\n                                        <div class=\"elementskit-single-meta\"><span class=\"elementskit-meta-wraper\"><strong>21<\/strong>May<\/span><\/div>\n                                    <\/div>\n                                                                                            \n                            \n\t\t\t\t\t\t\t\t\t\t\t\t\t<\/div><!-- .elementskit-entry-header END -->\n\n\t\t\t\t\t\t<div class=\"elementskit-post-body \">\n\t\t\t\t\t\t\t\n\t\t\t\t\t\t\t\t\t\t\t\t\t\t\t\t\t\t\t\t\t\t\t\t\t\t\t\t\t\t\n\t\t\t\t\t\t\t\t\n\t\t\t\t\t\t\t\t\t\t\t\t\t\t\t\t\t\t\t\t\t<h2 class=\"entry-title\">\n\t\t\t\t\t<a href=\"https:\/\/sanjosei27.edu.ar\/?p=2585\">\n\t\t\t\t\t\tConvenio con el IPEEC para pr\u00e1cticas profesionales\t\t\t\t\t<\/a>\n\t\t\t\t<\/h2>\n\t\t\t\t\t\t\t\t\t\t\t\t\t\t\t\t\t\t\t\t\t\t\t\t\t\t\t\t\t\t\t\t\t\t\t\t\t\t\t\t\t\t<p>Para que nuestros estudiantes puedan realizar sus pr\u00e1cticas profesionales, firmamos un Convenio de Colaboraci\u00f3n Interinstitucional con el Instituto Privado de Educaci\u00f3n Especial Corrientes<\/p>\n\t\t\t\t\t\t\t\t\t\t\t\t\t\t\t\t\t\t\t\t\t\t                                                            <div class=\"btn-wraper\">\n                                    \n                                                                            <a class=\"elementskit-btn whitespace--normal\" id=\"\" href=\"https:\/\/sanjosei27.edu.ar\/?p=2585\">\n                                        \t                                            M\u00e1s Info                                        <\/a>\n                                                                    <\/div>\n                                                    <\/div><!-- .elementskit-post-body END -->\n                    <\/div>\n                \n            <\/div>\n                    <div class=\"col-lg-4 col-md-6\">\n\n                                    <div class=\"elementskit-post-image-card\">\n                        <div class=\"elementskit-entry-header\">\n                                                            <a href=\"https:\/\/sanjosei27.edu.ar\/?p=1426\" class=\"elementskit-entry-thumb\">\n                                    <img decoding=\"async\" src=\"https:\/\/sanjosei27.edu.ar\/wp-content\/uploads\/2021\/08\/grafica_web.jpg\" alt=\"El docente como figura humana\">\n                                <\/a><!-- .elementskit-entry-thumb END -->\n                                                                                                    <div class=\"elementskit-meta-lists\">\n                                        <div class=\"elementskit-single-meta\"><span class=\"elementskit-meta-wraper\"><strong>20<\/strong>Ago<\/span><\/div>\n                                    <\/div>\n                                                                                            \n                            \n\t\t\t\t\t\t\t\t\t\t\t\t\t<\/div><!-- .elementskit-entry-header END -->\n\n\t\t\t\t\t\t<div class=\"elementskit-post-body \">\n\t\t\t\t\t\t\t\n\t\t\t\t\t\t\t\t\t\t\t\t\t\t\t\t\t\t\t\t\t\t\t\t\t\t\t\t\t\t\n\t\t\t\t\t\t\t\t\n\t\t\t\t\t\t\t\t\t\t\t\t\t\t\t\t\t\t\t\t\t<h2 class=\"entry-title\">\n\t\t\t\t\t<a href=\"https:\/\/sanjosei27.edu.ar\/?p=1426\">\n\t\t\t\t\t\tEl docente como figura humana\t\t\t\t\t<\/a>\n\t\t\t\t<\/h2>\n\t\t\t\t\t\t\t\t\t\t\t\t\t\t\t\t\t\t\t\t\t\t\t\t\t\t\t\t\t\t\t\t\t\t\t\t\t\t\t\t\t\t<p>Una persona que se muestra humana, con desaciertos y todo, considero que es el mejor ejemplo a seguir.<\/p>\n\t\t\t\t\t\t\t\t\t\t\t\t\t\t\t\t\t\t\t\t\t\t                                                            <div class=\"btn-wraper\">\n                                    \n                                                                            <a class=\"elementskit-btn whitespace--normal\" id=\"\" href=\"https:\/\/sanjosei27.edu.ar\/?p=1426\">\n                                        \t                                            M\u00e1s Info                                        <\/a>\n                                                                    <\/div>\n                                                    <\/div><!-- .elementskit-post-body END -->\n                    <\/div>\n                \n            <\/div>\n                    <div class=\"col-lg-4 col-md-6\">\n\n                                    <div class=\"elementskit-post-image-card\">\n                        <div class=\"elementskit-entry-header\">\n                                                            <a href=\"https:\/\/sanjosei27.edu.ar\/?p=506\" class=\"elementskit-entry-thumb\">\n                                    <img decoding=\"async\" src=\"https:\/\/sanjosei27.edu.ar\/wp-content\/uploads\/2020\/10\/600x600_cuandoyo.jpg\" alt=\"OPS: Din\u00e1mica \u201cCuando yo\u2026\u201d\">\n                                <\/a><!-- .elementskit-entry-thumb END -->\n                                                                                                    <div class=\"elementskit-meta-lists\">\n                                        <div class=\"elementskit-single-meta\"><span class=\"elementskit-meta-wraper\"><strong>22<\/strong>Oct<\/span><\/div>\n                                    <\/div>\n                                                                                            \n                            \n\t\t\t\t\t\t\t\t\t\t\t\t\t<\/div><!-- .elementskit-entry-header END -->\n\n\t\t\t\t\t\t<div class=\"elementskit-post-body \">\n\t\t\t\t\t\t\t\n\t\t\t\t\t\t\t\t\t\t\t\t\t\t\t\t\t\t\t\t\t\t\t\t\t\t\t\t\t\t\n\t\t\t\t\t\t\t\t\n\t\t\t\t\t\t\t\t\t\t\t\t\t\t\t\t\t\t\t\t\t<h2 class=\"entry-title\">\n\t\t\t\t\t<a href=\"https:\/\/sanjosei27.edu.ar\/?p=506\">\n\t\t\t\t\t\tOPS: Din\u00e1mica \u201cCuando yo\u2026\u201d\t\t\t\t\t<\/a>\n\t\t\t\t<\/h2>\n\t\t\t\t\t\t\t\t\t\t\t\t\t\t\t\t\t\t\t\t\t\t\t\t\t\t\t\t\t\t\t\t\t\t\t\t\t\t\t\t\t\t<p>Alumnas de 3er. a\u00f1o de la Tecnicatura Superior en Psicolog\u00eda Social presentaron el audiovisual que se comparte en esta publicaci\u00f3n<\/p>\n\t\t\t\t\t\t\t\t\t\t\t\t\t\t\t\t\t\t\t\t\t\t                                                            <div class=\"btn-wraper\">\n                                    \n                                                                            <a class=\"elementskit-btn whitespace--normal\" id=\"\" href=\"https:\/\/sanjosei27.edu.ar\/?p=506\">\n                                        \t                                            M\u00e1s Info                                        <\/a>\n                                                                    <\/div>\n                                                    <\/div><!-- .elementskit-post-body END -->\n                    <\/div>\n                \n            <\/div>\n                    <div class=\"col-lg-4 col-md-6\">\n\n                                    <div class=\"elementskit-post-image-card\">\n                        <div class=\"elementskit-entry-header\">\n                                                            <a href=\"https:\/\/sanjosei27.edu.ar\/?p=476\" class=\"elementskit-entry-thumb\">\n                                    <img decoding=\"async\" src=\"https:\/\/sanjosei27.edu.ar\/wp-content\/uploads\/2020\/10\/600x600tallerdigitales.jpg\" alt=\"Estudiantes dictan Taller de Herramientas Digitales\">\n                                <\/a><!-- .elementskit-entry-thumb END -->\n                                                                                                    <div class=\"elementskit-meta-lists\">\n                                        <div class=\"elementskit-single-meta\"><span class=\"elementskit-meta-wraper\"><strong>22<\/strong>Oct<\/span><\/div>\n                                    <\/div>\n                                                                                            \n                            \n\t\t\t\t\t\t\t\t\t\t\t\t\t<\/div><!-- .elementskit-entry-header END -->\n\n\t\t\t\t\t\t<div class=\"elementskit-post-body \">\n\t\t\t\t\t\t\t\n\t\t\t\t\t\t\t\t\t\t\t\t\t\t\t\t\t\t\t\t\t\t\t\t\t\t\t\t\t\t\n\t\t\t\t\t\t\t\t\n\t\t\t\t\t\t\t\t\t\t\t\t\t\t\t\t\t\t\t\t\t<h2 class=\"entry-title\">\n\t\t\t\t\t<a href=\"https:\/\/sanjosei27.edu.ar\/?p=476\">\n\t\t\t\t\t\tEstudiantes dictan Taller de Herramientas Digitales\t\t\t\t\t<\/a>\n\t\t\t\t<\/h2>\n\t\t\t\t\t\t\t\t\t\t\t\t\t\t\t\t\t\t\t\t\t\t\t\t\t\t\t\t\t\t\t\t\t\t\t\t\t\t\t\t\t\t<p>En el mes de septiembre se realiz\u00f3 el primer encuentro virtual en el marco de un dispositivo de trabajo<\/p>\n\t\t\t\t\t\t\t\t\t\t\t\t\t\t\t\t\t\t\t\t\t\t                                                            <div class=\"btn-wraper\">\n                                    \n                                                                            <a class=\"elementskit-btn whitespace--normal\" id=\"\" href=\"https:\/\/sanjosei27.edu.ar\/?p=476\">\n                                        \t                                            M\u00e1s Info                                        <\/a>\n                                                                    <\/div>\n                                                    <\/div><!-- .elementskit-post-body END -->\n                    <\/div>\n                \n            <\/div>\n                    <div class=\"col-lg-4 col-md-6\">\n\n                                    <div class=\"elementskit-post-image-card\">\n                        <div class=\"elementskit-entry-header\">\n                                                            <a href=\"https:\/\/sanjosei27.edu.ar\/?p=483\" class=\"elementskit-entry-thumb\">\n                                    <img decoding=\"async\" src=\"https:\/\/sanjosei27.edu.ar\/wp-content\/uploads\/2020\/10\/600x600_pasantias.jpg\" alt=\"Estudiantes realizan pasant\u00edas en el Poder Judicial\">\n                                <\/a><!-- .elementskit-entry-thumb END -->\n                                                                                                    <div class=\"elementskit-meta-lists\">\n                                        <div class=\"elementskit-single-meta\"><span class=\"elementskit-meta-wraper\"><strong>02<\/strong>Jul<\/span><\/div>\n                                    <\/div>\n                                                                                            \n                            \n\t\t\t\t\t\t\t\t\t\t\t\t\t<\/div><!-- .elementskit-entry-header END -->\n\n\t\t\t\t\t\t<div class=\"elementskit-post-body \">\n\t\t\t\t\t\t\t\n\t\t\t\t\t\t\t\t\t\t\t\t\t\t\t\t\t\t\t\t\t\t\t\t\t\t\t\t\t\t\n\t\t\t\t\t\t\t\t\n\t\t\t\t\t\t\t\t\t\t\t\t\t\t\t\t\t\t\t\t\t<h2 class=\"entry-title\">\n\t\t\t\t\t<a href=\"https:\/\/sanjosei27.edu.ar\/?p=483\">\n\t\t\t\t\t\tEstudiantes realizan pasant\u00edas en el Poder Judicial\t\t\t\t\t<\/a>\n\t\t\t\t<\/h2>\n\t\t\t\t\t\t\t\t\t\t\t\t\t\t\t\t\t\t\t\t\t\t\t\t\t\t\t\t\t\t\t\t\t\t\t\t\t\t\t\t\t\t<p>Estudiantes de las Tecnicaturas en Software e Infraestructura Inf. del Inst. Sup. San Jos\u00e9<\/p>\n\t\t\t\t\t\t\t\t\t\t\t\t\t\t\t\t\t\t\t\t\t\t                                                            <div class=\"btn-wraper\">\n                                    \n                                                                            <a class=\"elementskit-btn whitespace--normal\" id=\"\" href=\"https:\/\/sanjosei27.edu.ar\/?p=483\">\n                                        \t                                            M\u00e1s Info                                        <\/a>\n                                                                    <\/div>\n                                                    <\/div><!-- .elementskit-post-body END -->\n                    <\/div>\n                \n            <\/div>\n                <\/div>\n       <\/div>\t\t\t\t<\/div>\n\t\t\t\t<\/div>\n\t\t\t\t\t<\/div>\n\t\t<\/div>\n\t\t\t\t\t<\/div>\n\t\t<\/section>\n\t\t\t\t<\/div>\n\t\t","protected":false},"excerpt":{"rendered":"<p>ALUMNOS EN ACCI\u00d3N Futuros Profesionales OPS: Din\u00e1mica \u201cCuando yo\u2026\u201d Futuros Profesionales Estudiantes dictan Taller de Herramientas Digitales Futuros Profesionales Estudiantes realizan pasant\u00edas en el Poder Judicial 22Oct OPS: Din\u00e1mica \u201cCuando yo\u2026\u201d Alumnas de 3er. a\u00f1o de la Tecnicatura Superior en Psicolog\u00eda Social presentaron el audiovisual que se comparte en esta publicaci\u00f3n M\u00e1s Info 22Oct Estudiantes [&hellip;]<\/p>\n","protected":false},"author":1,"featured_media":0,"parent":0,"menu_order":0,"comment_status":"closed","ping_status":"closed","template":"elementor_header_footer","meta":{"footnotes":""},"class_list":["post-474","page","type-page","status-publish","hentry"],"_links":{"self":[{"href":"https:\/\/sanjosei27.edu.ar\/index.php?rest_route=\/wp\/v2\/pages\/474","targetHints":{"allow":["GET"]}}],"collection":[{"href":"https:\/\/sanjosei27.edu.ar\/index.php?rest_route=\/wp\/v2\/pages"}],"about":[{"href":"https:\/\/sanjosei27.edu.ar\/index.php?rest_route=\/wp\/v2\/types\/page"}],"author":[{"embeddable":true,"href":"https:\/\/sanjosei27.edu.ar\/index.php?rest_route=\/wp\/v2\/users\/1"}],"replies":[{"embeddable":true,"href":"https:\/\/sanjosei27.edu.ar\/index.php?rest_route=%2Fwp%2Fv2%2Fcomments&post=474"}],"version-history":[{"count":5,"href":"https:\/\/sanjosei27.edu.ar\/index.php?rest_route=\/wp\/v2\/pages\/474\/revisions"}],"predecessor-version":[{"id":614,"href":"https:\/\/sanjosei27.edu.ar\/index.php?rest_route=\/wp\/v2\/pages\/474\/revisions\/614"}],"wp:attachment":[{"href":"https:\/\/sanjosei27.edu.ar\/index.php?rest_route=%2Fwp%2Fv2%2Fmedia&parent=474"}],"curies":[{"name":"wp","href":"https:\/\/api.w.org\/{rel}","templated":true}]}}