{"id":547,"date":"2020-11-03T18:14:58","date_gmt":"2020-11-03T21:14:58","guid":{"rendered":"http:\/\/nuevaweb.sanjosei27.edu.ar\/?page_id=547"},"modified":"2020-11-05T23:17:12","modified_gmt":"2020-11-06T02:17:12","slug":"formacion-continua","status":"publish","type":"page","link":"https:\/\/sanjosei27.edu.ar\/?page_id=547","title":{"rendered":"FORMACI\u00d3N CONTINUA"},"content":{"rendered":"\t\t<div data-elementor-type=\"wp-page\" data-elementor-id=\"547\" class=\"elementor elementor-547\">\n\t\t\t\t\t\t<section class=\"elementor-section elementor-top-section elementor-element elementor-element-4c6ac1e elementor-section-boxed elementor-section-height-default elementor-section-height-default\" data-id=\"4c6ac1e\" data-element_type=\"section\" data-e-type=\"section\">\n\t\t\t\t\t\t\t<div class=\"elementor-background-overlay\"><\/div>\n\t\t\t\t\t\t\t<div class=\"elementor-container elementor-column-gap-default\">\n\t\t\t\t\t<div class=\"elementor-column elementor-col-100 elementor-top-column elementor-element elementor-element-6a9b3f6\" data-id=\"6a9b3f6\" data-element_type=\"column\" data-e-type=\"column\">\n\t\t\t<div class=\"elementor-widget-wrap elementor-element-populated\">\n\t\t\t\t\t\t<div class=\"elementor-element elementor-element-0122724 elementor-widget elementor-widget-spacer\" data-id=\"0122724\" data-element_type=\"widget\" data-e-type=\"widget\" data-widget_type=\"spacer.default\">\n\t\t\t\t<div class=\"elementor-widget-container\">\n\t\t\t\t\t\t\t<div class=\"elementor-spacer\">\n\t\t\t<div class=\"elementor-spacer-inner\"><\/div>\n\t\t<\/div>\n\t\t\t\t\t\t<\/div>\n\t\t\t\t<\/div>\n\t\t\t\t<div class=\"elementor-element elementor-element-001724d elementor-widget elementor-widget-heading\" data-id=\"001724d\" data-element_type=\"widget\" data-e-type=\"widget\" data-widget_type=\"heading.default\">\n\t\t\t\t<div class=\"elementor-widget-container\">\n\t\t\t\t\t<h2 class=\"elementor-heading-title elementor-size-default\">CURSOS Y CAPACITACIONES<\/h2>\t\t\t\t<\/div>\n\t\t\t\t<\/div>\n\t\t\t\t<div class=\"elementor-element elementor-element-c567f18 elementor-widget elementor-widget-spacer\" data-id=\"c567f18\" data-element_type=\"widget\" data-e-type=\"widget\" data-widget_type=\"spacer.default\">\n\t\t\t\t<div class=\"elementor-widget-container\">\n\t\t\t\t\t\t\t<div class=\"elementor-spacer\">\n\t\t\t<div class=\"elementor-spacer-inner\"><\/div>\n\t\t<\/div>\n\t\t\t\t\t\t<\/div>\n\t\t\t\t<\/div>\n\t\t\t\t\t<\/div>\n\t\t<\/div>\n\t\t\t\t\t<\/div>\n\t\t<\/section>\n\t\t\t\t<section class=\"elementor-section elementor-top-section elementor-element elementor-element-255a578 elementor-section-boxed elementor-section-height-default elementor-section-height-default\" data-id=\"255a578\" data-element_type=\"section\" data-e-type=\"section\">\n\t\t\t\t\t\t<div class=\"elementor-container elementor-column-gap-default\">\n\t\t\t\t\t<div class=\"elementor-column elementor-col-100 elementor-top-column elementor-element elementor-element-4ff66ec\" data-id=\"4ff66ec\" data-element_type=\"column\" data-e-type=\"column\">\n\t\t\t<div class=\"elementor-widget-wrap elementor-element-populated\">\n\t\t\t\t\t\t<div class=\"elementor-element elementor-element-ec8ad33 elementor-widget elementor-widget-elementskit-heading\" data-id=\"ec8ad33\" data-element_type=\"widget\" data-e-type=\"widget\" data-widget_type=\"elementskit-heading.default\">\n\t\t\t\t<div class=\"elementor-widget-container\">\n\t\t\t\t\t<div class=\"ekit-wid-con\" ><div class=\"ekit-heading elementskit-section-title-wraper text_left   ekit_heading_tablet-   ekit_heading_mobile-\"><h3 class=\"ekit-heading--title elementskit-section-title \"><span><span>Formaci\u00f3n<\/span><\/span> Continua<\/h3><div class=\"ekit_heading_separetor_wraper ekit_heading_elementskit-border-divider elementskit-style-long\"><div class=\"elementskit-border-divider elementskit-style-long\"><\/div><\/div><\/div><\/div>\t\t\t\t<\/div>\n\t\t\t\t<\/div>\n\t\t\t\t<div class=\"elementor-element elementor-element-e459f11 elementor-widget elementor-widget-text-editor\" data-id=\"e459f11\" data-element_type=\"widget\" data-e-type=\"widget\" data-widget_type=\"text-editor.default\">\n\t\t\t\t<div class=\"elementor-widget-container\">\n\t\t\t\t\t\t\t\t\t<p>La formaci\u00f3n continua de <strong>estudiantes y profesionales<\/strong> es uno de los objetivos principales del Instituto Superior San Jos\u00e9.En ese marco, ofrecemos distintas ofertas de capacitaci\u00f3n a lo largo del a\u00f1o.<br \/><br \/><\/p><p class=\"home_slider_titulo\"><span style=\"color: #ff0000;\"><strong>Principios Orientadores<\/strong><\/span><\/p><ul><li style=\"list-style-type: none;\"><ul><li class=\"noticia_textos\">Responder a las necesidades de los docentes y a sus contextos de pr\u00e1cticas espec\u00edficas.<\/li><\/ul><\/li><\/ul><ul><li style=\"list-style-type: none;\"><ul><li class=\"noticia_textos\">Considerar en las acciones de formaci\u00f3n a los docentes como part\u00edcipes y protagonistas activos de su desarrollo en tanto profesionales.<\/li><li>Sostener propuestas de formaci\u00f3n que consideren a los aprendizajes de naturaleza pedag\u00f3gica, personales e institucionales propios del desarrollo profesional docente.<\/li><\/ul><\/li><\/ul>\t\t\t\t\t\t\t\t<\/div>\n\t\t\t\t<\/div>\n\t\t\t\t<div class=\"elementor-element elementor-element-68c2806 elementor-widget elementor-widget-spacer\" data-id=\"68c2806\" data-element_type=\"widget\" data-e-type=\"widget\" data-widget_type=\"spacer.default\">\n\t\t\t\t<div class=\"elementor-widget-container\">\n\t\t\t\t\t\t\t<div class=\"elementor-spacer\">\n\t\t\t<div class=\"elementor-spacer-inner\"><\/div>\n\t\t<\/div>\n\t\t\t\t\t\t<\/div>\n\t\t\t\t<\/div>\n\t\t\t\t\t<\/div>\n\t\t<\/div>\n\t\t\t\t\t<\/div>\n\t\t<\/section>\n\t\t\t\t<section class=\"elementor-section elementor-top-section elementor-element elementor-element-0a33278 elementor-section-boxed elementor-section-height-default elementor-section-height-default\" data-id=\"0a33278\" data-element_type=\"section\" data-e-type=\"section\">\n\t\t\t\t\t\t<div class=\"elementor-container elementor-column-gap-default\">\n\t\t\t\t\t<div class=\"elementor-column elementor-col-100 elementor-top-column elementor-element elementor-element-3f3c967\" data-id=\"3f3c967\" data-element_type=\"column\" data-e-type=\"column\">\n\t\t\t<div class=\"elementor-widget-wrap elementor-element-populated\">\n\t\t\t\t\t\t<div class=\"elementor-element elementor-element-b9e552a elementor-widget elementor-widget-prime-slider-flogia\" data-id=\"b9e552a\" data-element_type=\"widget\" data-e-type=\"widget\" data-widget_type=\"prime-slider-flogia.default\">\n\t\t\t\t<div class=\"elementor-widget-container\">\n\t\t\t\t\t\t\t<div class=\"bdt-prime-slider\">\n\t\t\t<div class=\"bdt-prime-slider-flogia\">\n\t\t\t\t<div class=\"bdt-position-relative bdt-visible-toggle\" data-settings=\"{&quot;id&quot;:&quot;#bdt-b9e552a&quot;,&quot;animation_status&quot;:&quot;no&quot;}\" id=\"bdt-b9e552a\" bdt-slideshow=\"{&quot;animation&quot;:&quot;fade&quot;,&quot;ratio&quot;:&quot;16:9&quot;,&quot;min-height&quot;:&quot;520&quot;,&quot;autoplay&quot;:true,&quot;autoplay-interval&quot;:7000,&quot;pause-on-hover&quot;:false,&quot;velocity&quot;:1,&quot;finite&quot;:false}\">\n\t\t\t\t\t<ul class=\"bdt-slideshow-items\">\n\t\t\t\t\t\t\n                <li class=\"bdt-slideshow-item bdt-flex elementor-repeater-item-2778\">\n\n                    \n                        \t\t\t\t\t\t<div class=\"bdt-ps-slide-img\"\n\t\t\t\t\t\t\tstyle=\"background-image: url('https:\/\/sanjosei27.edu.ar\/wp-content\/uploads\/2024\/12\/DESARROLLO-DE-GRAFICAS-2026_0.jpg')\"><\/div>\n\t\t\t\t\t\t\n                        \n                    \t                        <div class=\"bdt-overlay-default bdt-position-cover\"><\/div>\n\t                    \n                    \n        <div class=\"bdt-ps-container\">\n            <div class=\"bdt-ps-content\">\n\n                                    <div class=\"bdt-ps-category-wrapper\" data-bdt-slideshow-parallax=\"y: 50,0,-50; opacity: 1,1,0\">\n                                <span class=\"bdt-ps-category\" data-reveal=\"reveal-active\">\n            <a href=\"https:\/\/sanjosei27.edu.ar\/?cat=5\" rel=\"tag\">ALUMNADO<\/a> <a href=\"https:\/\/sanjosei27.edu.ar\/?cat=11\" rel=\"tag\">NOVEDADES<\/a>        <\/span>\n                            <\/div>\n                \n                                    <div class=\"bdt-main-title\">\n                        <h1 class=\"bdt-title-tag\" data-bdt-slideshow-parallax=\"y: 80,0,-80; opacity: 1,1,0\" data-reveal=\"reveal-active\">\n\n                            <a href=\"https:\/\/sanjosei27.edu.ar\/?p=2778\">\n                                <span class=\"frist-word\">Aranceles<\/span> &#8211; 2026                            <\/a>\n\n                        <\/h1>\n\n                                    <div class=\"bdt-blog-text\" data-bdt-slideshow-parallax=\"y: 100,0,-60; opacity: 1,1,0\" data-reveal=\"reveal-active\">\n                <p>El Instituto Superior San Jos\u00e9 I-27 informa, los aranceles de todas las carreras ser\u00e1n actualizados durante los primero meses del 2025<\/p>\n            <\/div>\n        \n                    <\/div>\n                \n                \n            <\/div>\n        <\/div>\n\n        \n                    \n                <\/li>\n\n\n            \n                <li class=\"bdt-slideshow-item bdt-flex elementor-repeater-item-2894\">\n\n                    \n                        \t\t\t\t\t\t<div class=\"bdt-ps-slide-img\"\n\t\t\t\t\t\t\tstyle=\"background-image: url('https:\/\/sanjosei27.edu.ar\/wp-content\/uploads\/2025\/10\/posteo21.jpg')\"><\/div>\n\t\t\t\t\t\t\n                        \n                    \t                        <div class=\"bdt-overlay-default bdt-position-cover\"><\/div>\n\t                    \n                    \n        <div class=\"bdt-ps-container\">\n            <div class=\"bdt-ps-content\">\n\n                                    <div class=\"bdt-ps-category-wrapper\" data-bdt-slideshow-parallax=\"y: 50,0,-50; opacity: 1,1,0\">\n                                <span class=\"bdt-ps-category\" data-reveal=\"reveal-active\">\n            <a href=\"https:\/\/sanjosei27.edu.ar\/?cat=46\" rel=\"tag\">CURSOS Y CAPACITACIONES<\/a> <a href=\"https:\/\/sanjosei27.edu.ar\/?cat=11\" rel=\"tag\">NOVEDADES<\/a>        <\/span>\n                            <\/div>\n                \n                                    <div class=\"bdt-main-title\">\n                        <h1 class=\"bdt-title-tag\" data-bdt-slideshow-parallax=\"y: 80,0,-80; opacity: 1,1,0\" data-reveal=\"reveal-active\">\n\n                            <a href=\"https:\/\/sanjosei27.edu.ar\/?p=2894\">\n                                <span class=\"frist-word\">\u201cLa<\/span> Escritura en el Nivel Medio: Desaf\u00edos y Construcciones Did\u00e1cticas\u201d                            <\/a>\n\n                        <\/h1>\n\n                                    <div class=\"bdt-blog-text\" data-bdt-slideshow-parallax=\"y: 100,0,-60; opacity: 1,1,0\" data-reveal=\"reveal-active\">\n                <p>Comenz\u00f3 a dictarse el curso semipresencial \u201cLa Escritura en el Nivel Medio: Desaf\u00edos y Construcciones Did\u00e1cticas\u201d, aprobado por Resoluci\u00f3n Ministerial N\u00ba 3642.<\/p>\n            <\/div>\n        \n                    <\/div>\n                \n                \n            <\/div>\n        <\/div>\n\n        \n                    \n                <\/li>\n\n\n            \n                <li class=\"bdt-slideshow-item bdt-flex elementor-repeater-item-2888\">\n\n                    \n                        \t\t\t\t\t\t<div class=\"bdt-ps-slide-img\"\n\t\t\t\t\t\t\tstyle=\"background-image: url('https:\/\/sanjosei27.edu.ar\/wp-content\/uploads\/2025\/10\/posteo22.jpg')\"><\/div>\n\t\t\t\t\t\t\n                        \n                    \t                        <div class=\"bdt-overlay-default bdt-position-cover\"><\/div>\n\t                    \n                    \n        <div class=\"bdt-ps-container\">\n            <div class=\"bdt-ps-content\">\n\n                                    <div class=\"bdt-ps-category-wrapper\" data-bdt-slideshow-parallax=\"y: 50,0,-50; opacity: 1,1,0\">\n                                <span class=\"bdt-ps-category\" data-reveal=\"reveal-active\">\n            <a href=\"https:\/\/sanjosei27.edu.ar\/?cat=46\" rel=\"tag\">CURSOS Y CAPACITACIONES<\/a> <a href=\"https:\/\/sanjosei27.edu.ar\/?cat=11\" rel=\"tag\">NOVEDADES<\/a>        <\/span>\n                            <\/div>\n                \n                                    <div class=\"bdt-main-title\">\n                        <h1 class=\"bdt-title-tag\" data-bdt-slideshow-parallax=\"y: 80,0,-80; opacity: 1,1,0\" data-reveal=\"reveal-active\">\n\n                            <a href=\"https:\/\/sanjosei27.edu.ar\/?p=2888\">\n                                <span class=\"frist-word\">Jornada<\/span> de Educaci\u00f3n Emocional                            <\/a>\n\n                        <\/h1>\n\n                                    <div class=\"bdt-blog-text\" data-bdt-slideshow-parallax=\"y: 100,0,-60; opacity: 1,1,0\" data-reveal=\"reveal-active\">\n                <p>El viernes 17 de octubre, de 17 a 22 horas, la jornada \u201cAcompa\u00f1ar, escuchar y sentir para la ense\u00f1anza transformadora\u201d, aprobada por Resoluci\u00f3n Ministerial N\u00ba 3480.<\/p>\n            <\/div>\n        \n                    <\/div>\n                \n                \n            <\/div>\n        <\/div>\n\n        \n                    \n                <\/li>\n\n\n            \n                <li class=\"bdt-slideshow-item bdt-flex elementor-repeater-item-2881\">\n\n                    \n                        \t\t\t\t\t\t<div class=\"bdt-ps-slide-img\"\n\t\t\t\t\t\t\tstyle=\"background-image: url('https:\/\/sanjosei27.edu.ar\/wp-content\/uploads\/2025\/10\/posteo24.jpg')\"><\/div>\n\t\t\t\t\t\t\n                        \n                    \t                        <div class=\"bdt-overlay-default bdt-position-cover\"><\/div>\n\t                    \n                    \n        <div class=\"bdt-ps-container\">\n            <div class=\"bdt-ps-content\">\n\n                                    <div class=\"bdt-ps-category-wrapper\" data-bdt-slideshow-parallax=\"y: 50,0,-50; opacity: 1,1,0\">\n                                <span class=\"bdt-ps-category\" data-reveal=\"reveal-active\">\n            <a href=\"https:\/\/sanjosei27.edu.ar\/?cat=46\" rel=\"tag\">CURSOS Y CAPACITACIONES<\/a> <a href=\"https:\/\/sanjosei27.edu.ar\/?cat=11\" rel=\"tag\">NOVEDADES<\/a>        <\/span>\n                            <\/div>\n                \n                                    <div class=\"bdt-main-title\">\n                        <h1 class=\"bdt-title-tag\" data-bdt-slideshow-parallax=\"y: 80,0,-80; opacity: 1,1,0\" data-reveal=\"reveal-active\">\n\n                            <a href=\"https:\/\/sanjosei27.edu.ar\/?p=2881\">\n                                <span class=\"frist-word\">Curso<\/span> de Actualizaci\u00f3n para profesores de Ingl\u00e9s                            <\/a>\n\n                        <\/h1>\n\n                                    <div class=\"bdt-blog-text\" data-bdt-slideshow-parallax=\"y: 100,0,-60; opacity: 1,1,0\" data-reveal=\"reveal-active\">\n                <p>Curso virtual \u201cIntegrating the four main skills, using an integrated approach in class\u201d, aprobado por Resoluci\u00f3n Ministerial N\u00ba 3674.<\/p>\n            <\/div>\n        \n                    <\/div>\n                \n                \n            <\/div>\n        <\/div>\n\n        \n                    \n                <\/li>\n\n\n            \n                <li class=\"bdt-slideshow-item bdt-flex elementor-repeater-item-2847\">\n\n                    \n                        \t\t\t\t\t\t<div class=\"bdt-ps-slide-img\"\n\t\t\t\t\t\t\tstyle=\"background-image: url('https:\/\/sanjosei27.edu.ar\/wp-content\/uploads\/2025\/05\/imgen-web-2025_4.jpg')\"><\/div>\n\t\t\t\t\t\t\n                        \n                    \t                        <div class=\"bdt-overlay-default bdt-position-cover\"><\/div>\n\t                    \n                    \n        <div class=\"bdt-ps-container\">\n            <div class=\"bdt-ps-content\">\n\n                                    <div class=\"bdt-ps-category-wrapper\" data-bdt-slideshow-parallax=\"y: 50,0,-50; opacity: 1,1,0\">\n                                <span class=\"bdt-ps-category\" data-reveal=\"reveal-active\">\n            <a href=\"https:\/\/sanjosei27.edu.ar\/?cat=11\" rel=\"tag\">NOVEDADES<\/a>        <\/span>\n                            <\/div>\n                \n                                    <div class=\"bdt-main-title\">\n                        <h1 class=\"bdt-title-tag\" data-bdt-slideshow-parallax=\"y: 80,0,-80; opacity: 1,1,0\" data-reveal=\"reveal-active\">\n\n                            <a href=\"https:\/\/sanjosei27.edu.ar\/?p=2847\">\n                                <span class=\"frist-word\">Padre<\/span> Ricardo Romero: figura clave en los inicios del Instituto                            <\/a>\n\n                        <\/h1>\n\n                                    <div class=\"bdt-blog-text\" data-bdt-slideshow-parallax=\"y: 100,0,-60; opacity: 1,1,0\" data-reveal=\"reveal-active\">\n                <p>El Instituto Superior San Jos\u00e9 I-27 informa, los aranceles de todas las carreras ser\u00e1n actualizados durante los primero meses del 2025<\/p>\n            <\/div>\n        \n                    <\/div>\n                \n                \n            <\/div>\n        <\/div>\n\n        \n                    \n                <\/li>\n\n\n            \n                    <\/ul>\n\n                    \n                    <div class=\"bdt-navigation-arrows bdt-position-large bdt-position-z-index reveal-muted bdt-position-center-left\">\n                <a class=\"bdt-prime-slider-previous\" href=\"#\" bdt-slidenav-previous bdt-slideshow-item=\"previous\"><\/a>\n\n                <ul class=\"bdt-slideshow-nav bdt-ps-dotnav bdt-dotnav bdt-dotnav-vertical\"><\/ul>\n\n                <a class=\"bdt-prime-slider-next\" href=\"#\" bdt-slidenav-next bdt-slideshow-item=\"next\"><\/a>\n            <\/div>\n        \n        \n                    \n        \n        \n                <\/div>\n\n            <\/div>\n        <\/div>\n        \t\t\t\t<\/div>\n\t\t\t\t<\/div>\n\t\t\t\t\t<\/div>\n\t\t<\/div>\n\t\t\t\t\t<\/div>\n\t\t<\/section>\n\t\t\t\t<section class=\"elementor-section elementor-top-section elementor-element elementor-element-71d2742 elementor-section-boxed elementor-section-height-default elementor-section-height-default\" data-id=\"71d2742\" data-element_type=\"section\" data-e-type=\"section\">\n\t\t\t\t\t\t<div class=\"elementor-container elementor-column-gap-default\">\n\t\t\t\t\t<div class=\"elementor-column elementor-col-100 elementor-top-column elementor-element elementor-element-40153a5\" data-id=\"40153a5\" data-element_type=\"column\" data-e-type=\"column\">\n\t\t\t<div class=\"elementor-widget-wrap elementor-element-populated\">\n\t\t\t\t\t\t<div class=\"elementor-element elementor-element-92834b4 animated-slow elementor-invisible elementor-widget elementor-widget-elementskit-blog-posts\" data-id=\"92834b4\" data-element_type=\"widget\" data-e-type=\"widget\" data-settings=\"{&quot;_animation&quot;:&quot;fadeIn&quot;}\" data-widget_type=\"elementskit-blog-posts.default\">\n\t\t\t\t<div class=\"elementor-widget-container\">\n\t\t\t\t\t<div class=\"ekit-wid-con\" >        <div id=\"post-items--92834b4\" class=\"row post-items\" data-masonry-config=\"true\">\n                    <div class=\"col-lg-4 col-md-6\">\n\n                                    <div class=\"elementskit-post-image-card\">\n                        <div class=\"elementskit-entry-header\">\n                                                            <a href=\"https:\/\/sanjosei27.edu.ar\/?p=2894\" class=\"elementskit-entry-thumb\">\n                                    <img decoding=\"async\" src=\"https:\/\/sanjosei27.edu.ar\/wp-content\/uploads\/2025\/10\/posteo21-1024x1024.jpg\" alt=\"\u201cLa Escritura en el Nivel Medio: Desaf\u00edos y Construcciones Did\u00e1cticas\u201d\">\n                                <\/a><!-- .elementskit-entry-thumb END -->\n                                                                                                    <div class=\"elementskit-meta-lists\">\n                                        <div class=\"elementskit-single-meta\"><span class=\"elementskit-meta-wraper\"><strong>03<\/strong>Oct<\/span><\/div>\n                                    <\/div>\n                                                                                            \n                            \n\t\t\t\t\t\t\t\t\t\t\t\t\t<\/div><!-- .elementskit-entry-header END -->\n\n\t\t\t\t\t\t<div class=\"elementskit-post-body \">\n\t\t\t\t\t\t\t\n\t\t\t\t\t\t\t\t\t\t\t\t\t\t\t\t\t\t\t\t\t\t\t\t\t\t\t\t\t\t\n\t\t\t\t\t\t\t\t\n\t\t\t\t\t\t\t\t\t\t\t\t\t\t\t\t\t\t\t\t\t<h2 class=\"entry-title\">\n\t\t\t\t\t<a href=\"https:\/\/sanjosei27.edu.ar\/?p=2894\">\n\t\t\t\t\t\t\u201cLa Escritura en el Nivel Medio: Desaf\u00edos y Construcciones Did\u00e1cticas\u201d\t\t\t\t\t<\/a>\n\t\t\t\t<\/h2>\n\t\t\t\t\t\t\t\t\t\t\t\t\t\t\t\t\t\t\t\t\t\t\t\t\t\t\t\t\t\t\t\t\t\t\t\t\t\t\t\t\t\t<p>Comenz\u00f3 a dictarse el curso semipresencial \u201cLa Escritura en el Nivel Medio: Desaf\u00edos y Construcciones Did\u00e1cticas\u201d, aprobado por Resoluci\u00f3n Ministerial N\u00ba 3642.<\/p>\n\t\t\t\t\t\t\t\t\t\t\t\t\t\t\t\t\t\t\t\t\t\t                                                            <div class=\"btn-wraper\">\n                                    \n                                                                            <a class=\"elementskit-btn whitespace--normal\" id=\"\" href=\"https:\/\/sanjosei27.edu.ar\/?p=2894\">\n                                        \t                                            M\u00e1s Info                                        <\/a>\n                                                                    <\/div>\n                                                    <\/div><!-- .elementskit-post-body END -->\n                    <\/div>\n                \n            <\/div>\n                    <div class=\"col-lg-4 col-md-6\">\n\n                                    <div class=\"elementskit-post-image-card\">\n                        <div class=\"elementskit-entry-header\">\n                                                            <a href=\"https:\/\/sanjosei27.edu.ar\/?p=2888\" class=\"elementskit-entry-thumb\">\n                                    <img decoding=\"async\" src=\"https:\/\/sanjosei27.edu.ar\/wp-content\/uploads\/2025\/10\/posteo22-1024x1024.jpg\" alt=\"Jornada de Educaci\u00f3n Emocional\">\n                                <\/a><!-- .elementskit-entry-thumb END -->\n                                                                                                    <div class=\"elementskit-meta-lists\">\n                                        <div class=\"elementskit-single-meta\"><span class=\"elementskit-meta-wraper\"><strong>03<\/strong>Oct<\/span><\/div>\n                                    <\/div>\n                                                                                            \n                            \n\t\t\t\t\t\t\t\t\t\t\t\t\t<\/div><!-- .elementskit-entry-header END -->\n\n\t\t\t\t\t\t<div class=\"elementskit-post-body \">\n\t\t\t\t\t\t\t\n\t\t\t\t\t\t\t\t\t\t\t\t\t\t\t\t\t\t\t\t\t\t\t\t\t\t\t\t\t\t\n\t\t\t\t\t\t\t\t\n\t\t\t\t\t\t\t\t\t\t\t\t\t\t\t\t\t\t\t\t\t<h2 class=\"entry-title\">\n\t\t\t\t\t<a href=\"https:\/\/sanjosei27.edu.ar\/?p=2888\">\n\t\t\t\t\t\tJornada de Educaci\u00f3n Emocional\t\t\t\t\t<\/a>\n\t\t\t\t<\/h2>\n\t\t\t\t\t\t\t\t\t\t\t\t\t\t\t\t\t\t\t\t\t\t\t\t\t\t\t\t\t\t\t\t\t\t\t\t\t\t\t\t\t\t<p>El viernes 17 de octubre, de 17 a 22 horas, la jornada \u201cAcompa\u00f1ar, escuchar y sentir para la ense\u00f1anza transformadora\u201d, aprobada por Resoluci\u00f3n Ministerial N\u00ba 3480.<\/p>\n\t\t\t\t\t\t\t\t\t\t\t\t\t\t\t\t\t\t\t\t\t\t                                                            <div class=\"btn-wraper\">\n                                    \n                                                                            <a class=\"elementskit-btn whitespace--normal\" id=\"\" href=\"https:\/\/sanjosei27.edu.ar\/?p=2888\">\n                                        \t                                            M\u00e1s Info                                        <\/a>\n                                                                    <\/div>\n                                                    <\/div><!-- .elementskit-post-body END -->\n                    <\/div>\n                \n            <\/div>\n                    <div class=\"col-lg-4 col-md-6\">\n\n                                    <div class=\"elementskit-post-image-card\">\n                        <div class=\"elementskit-entry-header\">\n                                                            <a href=\"https:\/\/sanjosei27.edu.ar\/?p=2881\" class=\"elementskit-entry-thumb\">\n                                    <img decoding=\"async\" src=\"https:\/\/sanjosei27.edu.ar\/wp-content\/uploads\/2025\/10\/posteo24-1024x1024.jpg\" alt=\"Curso de Actualizaci\u00f3n para profesores de Ingl\u00e9s\">\n                                <\/a><!-- .elementskit-entry-thumb END -->\n                                                                                                    <div class=\"elementskit-meta-lists\">\n                                        <div class=\"elementskit-single-meta\"><span class=\"elementskit-meta-wraper\"><strong>03<\/strong>Oct<\/span><\/div>\n                                    <\/div>\n                                                                                            \n                            \n\t\t\t\t\t\t\t\t\t\t\t\t\t<\/div><!-- .elementskit-entry-header END -->\n\n\t\t\t\t\t\t<div class=\"elementskit-post-body \">\n\t\t\t\t\t\t\t\n\t\t\t\t\t\t\t\t\t\t\t\t\t\t\t\t\t\t\t\t\t\t\t\t\t\t\t\t\t\t\n\t\t\t\t\t\t\t\t\n\t\t\t\t\t\t\t\t\t\t\t\t\t\t\t\t\t\t\t\t\t<h2 class=\"entry-title\">\n\t\t\t\t\t<a href=\"https:\/\/sanjosei27.edu.ar\/?p=2881\">\n\t\t\t\t\t\tCurso de Actualizaci\u00f3n para profesores de Ingl\u00e9s\t\t\t\t\t<\/a>\n\t\t\t\t<\/h2>\n\t\t\t\t\t\t\t\t\t\t\t\t\t\t\t\t\t\t\t\t\t\t\t\t\t\t\t\t\t\t\t\t\t\t\t\t\t\t\t\t\t\t<p>Curso virtual \u201cIntegrating the four main skills, using an integrated approach in class\u201d, aprobado por Resoluci\u00f3n Ministerial N\u00ba 3674.<\/p>\n\t\t\t\t\t\t\t\t\t\t\t\t\t\t\t\t\t\t\t\t\t\t                                                            <div class=\"btn-wraper\">\n                                    \n                                                                            <a class=\"elementskit-btn whitespace--normal\" id=\"\" href=\"https:\/\/sanjosei27.edu.ar\/?p=2881\">\n                                        \t                                            M\u00e1s Info                                        <\/a>\n                                                                    <\/div>\n                                                    <\/div><!-- .elementskit-post-body END -->\n                    <\/div>\n                \n            <\/div>\n                    <div class=\"col-lg-4 col-md-6\">\n\n                                    <div class=\"elementskit-post-image-card\">\n                        <div class=\"elementskit-entry-header\">\n                                                            <a href=\"https:\/\/sanjosei27.edu.ar\/?p=2810\" class=\"elementskit-entry-thumb\">\n                                    <img decoding=\"async\" src=\"https:\/\/sanjosei27.edu.ar\/wp-content\/uploads\/2025\/05\/imgen-web-2025.jpg\" alt=\"Fuerte impulso a la formaci\u00f3n docente y t\u00e9cnica\">\n                                <\/a><!-- .elementskit-entry-thumb END -->\n                                                                                                    <div class=\"elementskit-meta-lists\">\n                                        <div class=\"elementskit-single-meta\"><span class=\"elementskit-meta-wraper\"><strong>06<\/strong>May<\/span><\/div>\n                                    <\/div>\n                                                                                            \n                            \n\t\t\t\t\t\t\t\t\t\t\t\t\t<\/div><!-- .elementskit-entry-header END -->\n\n\t\t\t\t\t\t<div class=\"elementskit-post-body \">\n\t\t\t\t\t\t\t\n\t\t\t\t\t\t\t\t\t\t\t\t\t\t\t\t\t\t\t\t\t\t\t\t\t\t\t\t\t\t\n\t\t\t\t\t\t\t\t\n\t\t\t\t\t\t\t\t\t\t\t\t\t\t\t\t\t\t\t\t\t<h2 class=\"entry-title\">\n\t\t\t\t\t<a href=\"https:\/\/sanjosei27.edu.ar\/?p=2810\">\n\t\t\t\t\t\tFuerte impulso a la formaci\u00f3n docente y t\u00e9cnica\t\t\t\t\t<\/a>\n\t\t\t\t<\/h2>\n\t\t\t\t\t\t\t\t\t\t\t\t\t\t\t\t\t\t\t\t\t\t\t\t\t\t\t\t\t\t\t\t\t\t\t\t\t\t\t\t\t\t<p>El Departamento de Capacitaci\u00f3n se consolida como pilar en la formaci\u00f3n continua de profesionales y estudiantes de nivel superior.<\/p>\n\t\t\t\t\t\t\t\t\t\t\t\t\t\t\t\t\t\t\t\t\t\t                                                            <div class=\"btn-wraper\">\n                                    \n                                                                            <a class=\"elementskit-btn whitespace--normal\" id=\"\" href=\"https:\/\/sanjosei27.edu.ar\/?p=2810\">\n                                        \t                                            M\u00e1s Info                                        <\/a>\n                                                                    <\/div>\n                                                    <\/div><!-- .elementskit-post-body END -->\n                    <\/div>\n                \n            <\/div>\n                    <div class=\"col-lg-4 col-md-6\">\n\n                                    <div class=\"elementskit-post-image-card\">\n                        <div class=\"elementskit-entry-header\">\n                                                            <a href=\"https:\/\/sanjosei27.edu.ar\/?p=2660\" class=\"elementskit-entry-thumb\">\n                                    <img decoding=\"async\" src=\"https:\/\/sanjosei27.edu.ar\/wp-content\/uploads\/2024\/08\/molde_posteo_instituto_2024_17_web.jpg\" alt=\"Inteligencia Artificial para la Ense\u00f1anza:  Herramientas y estrategias para docentes\">\n                                <\/a><!-- .elementskit-entry-thumb END -->\n                                                                                                    <div class=\"elementskit-meta-lists\">\n                                        <div class=\"elementskit-single-meta\"><span class=\"elementskit-meta-wraper\"><strong>10<\/strong>Ago<\/span><\/div>\n                                    <\/div>\n                                                                                            \n                            \n\t\t\t\t\t\t\t\t\t\t\t\t\t<\/div><!-- .elementskit-entry-header END -->\n\n\t\t\t\t\t\t<div class=\"elementskit-post-body \">\n\t\t\t\t\t\t\t\n\t\t\t\t\t\t\t\t\t\t\t\t\t\t\t\t\t\t\t\t\t\t\t\t\t\t\t\t\t\t\n\t\t\t\t\t\t\t\t\n\t\t\t\t\t\t\t\t\t\t\t\t\t\t\t\t\t\t\t\t\t<h2 class=\"entry-title\">\n\t\t\t\t\t<a href=\"https:\/\/sanjosei27.edu.ar\/?p=2660\">\n\t\t\t\t\t\tInteligencia Artificial para la Ense\u00f1anza:  Herramientas y estrategias para docentes\t\t\t\t\t<\/a>\n\t\t\t\t<\/h2>\n\t\t\t\t\t\t\t\t\t\t\t\t\t\t\t\t\t\t\t\t\t\t\t\t\t\t\t\t\t\t\t\t\t\t\t\t\t\t\t\t\t\t<p>Para que nuestros estudiantes puedan realizar sus pr\u00e1cticas profesionales, firmamos un Convenio de Colaboraci\u00f3n Interinstitucional con el Instituto Privado de Educaci\u00f3n Especial Corrientes<\/p>\n\t\t\t\t\t\t\t\t\t\t\t\t\t\t\t\t\t\t\t\t\t\t                                                            <div class=\"btn-wraper\">\n                                    \n                                                                            <a class=\"elementskit-btn whitespace--normal\" id=\"\" href=\"https:\/\/sanjosei27.edu.ar\/?p=2660\">\n                                        \t                                            M\u00e1s Info                                        <\/a>\n                                                                    <\/div>\n                                                    <\/div><!-- .elementskit-post-body END -->\n                    <\/div>\n                \n            <\/div>\n                    <div class=\"col-lg-4 col-md-6\">\n\n                                    <div class=\"elementskit-post-image-card\">\n                        <div class=\"elementskit-entry-header\">\n                                                            <a href=\"https:\/\/sanjosei27.edu.ar\/?p=2213\" class=\"elementskit-entry-thumb\">\n                                    <img decoding=\"async\" src=\"https:\/\/sanjosei27.edu.ar\/wp-content\/uploads\/2023\/06\/charlaabierta_2.jpg\" alt=\"\u201cLiteraturas en tensi\u00f3n\u201d\">\n                                <\/a><!-- .elementskit-entry-thumb END -->\n                                                                                                    <div class=\"elementskit-meta-lists\">\n                                        <div class=\"elementskit-single-meta\"><span class=\"elementskit-meta-wraper\"><strong>12<\/strong>Jun<\/span><\/div>\n                                    <\/div>\n                                                                                            \n                            \n\t\t\t\t\t\t\t\t\t\t\t\t\t<\/div><!-- .elementskit-entry-header END -->\n\n\t\t\t\t\t\t<div class=\"elementskit-post-body \">\n\t\t\t\t\t\t\t\n\t\t\t\t\t\t\t\t\t\t\t\t\t\t\t\t\t\t\t\t\t\t\t\t\t\t\t\t\t\t\n\t\t\t\t\t\t\t\t\n\t\t\t\t\t\t\t\t\t\t\t\t\t\t\t\t\t\t\t\t\t<h2 class=\"entry-title\">\n\t\t\t\t\t<a href=\"https:\/\/sanjosei27.edu.ar\/?p=2213\">\n\t\t\t\t\t\t\u201cLiteraturas en tensi\u00f3n\u201d\t\t\t\t\t<\/a>\n\t\t\t\t<\/h2>\n\t\t\t\t\t\t\t\t\t\t\t\t\t\t\t\t\t\t\t\t\t\t\t\t\t\t\t\t\t\t\t\t\t\t\t\t\t\t\t\t\t\t<p>Se trata de un espacio de formaci\u00f3n que ofrece el Instituto  Superior San Jos\u00e9  para introducir a los participantes en el conocimiento de las distintas l\u00edneas de investigaci\u00f3n desarrolladas en el \u00e1rea de los estudios comparados.<\/p>\n\t\t\t\t\t\t\t\t\t\t\t\t\t\t\t\t\t\t\t\t\t\t                                                            <div class=\"btn-wraper\">\n                                    \n                                                                            <a class=\"elementskit-btn whitespace--normal\" id=\"\" href=\"https:\/\/sanjosei27.edu.ar\/?p=2213\">\n                                        \t                                            M\u00e1s Info                                        <\/a>\n                                                                    <\/div>\n                                                    <\/div><!-- .elementskit-post-body END -->\n                    <\/div>\n                \n            <\/div>\n                    <div class=\"col-lg-4 col-md-6\">\n\n                                    <div class=\"elementskit-post-image-card\">\n                        <div class=\"elementskit-entry-header\">\n                                                            <a href=\"https:\/\/sanjosei27.edu.ar\/?p=1907\" class=\"elementskit-entry-thumb\">\n                                    <img decoding=\"async\" src=\"https:\/\/sanjosei27.edu.ar\/wp-content\/uploads\/2022\/09\/imagen_web_subir.jpg\" alt=\"Proyectos de capacitaci\u00f3n para docentes\">\n                                <\/a><!-- .elementskit-entry-thumb END -->\n                                                                                                    <div class=\"elementskit-meta-lists\">\n                                        <div class=\"elementskit-single-meta\"><span class=\"elementskit-meta-wraper\"><strong>06<\/strong>Sep<\/span><\/div>\n                                    <\/div>\n                                                                                            \n                            \n\t\t\t\t\t\t\t\t\t\t\t\t\t<\/div><!-- .elementskit-entry-header END -->\n\n\t\t\t\t\t\t<div class=\"elementskit-post-body \">\n\t\t\t\t\t\t\t\n\t\t\t\t\t\t\t\t\t\t\t\t\t\t\t\t\t\t\t\t\t\t\t\t\t\t\t\t\t\t\n\t\t\t\t\t\t\t\t\n\t\t\t\t\t\t\t\t\t\t\t\t\t\t\t\t\t\t\t\t\t<h2 class=\"entry-title\">\n\t\t\t\t\t<a href=\"https:\/\/sanjosei27.edu.ar\/?p=1907\">\n\t\t\t\t\t\tProyectos de capacitaci\u00f3n para docentes\t\t\t\t\t<\/a>\n\t\t\t\t<\/h2>\n\t\t\t\t\t\t\t\t\t\t\t\t\t\t\t\t\t\t\t\t\t\t\t\t\t\t\t\t\t\t\t\t\t\t\t\t\t\t\t\t\t\t<p>El Departamento de Formaci\u00f3n Docente Continua del Instituto Superior San Jos\u00e9 program\u00f3 una interesante variedad de ofertas<\/p>\n\t\t\t\t\t\t\t\t\t\t\t\t\t\t\t\t\t\t\t\t\t\t                                                            <div class=\"btn-wraper\">\n                                    \n                                                                            <a class=\"elementskit-btn whitespace--normal\" id=\"\" href=\"https:\/\/sanjosei27.edu.ar\/?p=1907\">\n                                        \t                                            M\u00e1s Info                                        <\/a>\n                                                                    <\/div>\n                                                    <\/div><!-- .elementskit-post-body END -->\n                    <\/div>\n                \n            <\/div>\n                    <div class=\"col-lg-4 col-md-6\">\n\n                                    <div class=\"elementskit-post-image-card\">\n                        <div class=\"elementskit-entry-header\">\n                                                            <a href=\"https:\/\/sanjosei27.edu.ar\/?p=1868\" class=\"elementskit-entry-thumb\">\n                                    <img decoding=\"async\" src=\"https:\/\/sanjosei27.edu.ar\/wp-content\/uploads\/2022\/07\/62.png\" alt=\"Curso de Facilitador Social\">\n                                <\/a><!-- .elementskit-entry-thumb END -->\n                                                                                                    <div class=\"elementskit-meta-lists\">\n                                        <div class=\"elementskit-single-meta\"><span class=\"elementskit-meta-wraper\"><strong>13<\/strong>Jul<\/span><\/div>\n                                    <\/div>\n                                                                                            \n                            \n\t\t\t\t\t\t\t\t\t\t\t\t\t<\/div><!-- .elementskit-entry-header END -->\n\n\t\t\t\t\t\t<div class=\"elementskit-post-body \">\n\t\t\t\t\t\t\t\n\t\t\t\t\t\t\t\t\t\t\t\t\t\t\t\t\t\t\t\t\t\t\t\t\t\t\t\t\t\t\n\t\t\t\t\t\t\t\t\n\t\t\t\t\t\t\t\t\t\t\t\t\t\t\t\t\t\t\t\t\t<h2 class=\"entry-title\">\n\t\t\t\t\t<a href=\"https:\/\/sanjosei27.edu.ar\/?p=1868\">\n\t\t\t\t\t\tCurso de Facilitador Social\t\t\t\t\t<\/a>\n\t\t\t\t<\/h2>\n\t\t\t\t\t\t\t\t\t\t\t\t\t\t\t\t\t\t\t\t\t\t\t\t\t\t\t\t\t\t\t\t\t\t\t\t\t\t\t\t\t\t<p>El Instituto Superior San Jos\u00e9 organiza un espacio de formaci\u00f3n que estar\u00e1 a cargo el Ing. Rub\u00e9n Albornoz.<\/p>\n\t\t\t\t\t\t\t\t\t\t\t\t\t\t\t\t\t\t\t\t\t\t                                                            <div class=\"btn-wraper\">\n                                    \n                                                                            <a class=\"elementskit-btn whitespace--normal\" id=\"\" href=\"https:\/\/sanjosei27.edu.ar\/?p=1868\">\n                                        \t                                            M\u00e1s Info                                        <\/a>\n                                                                    <\/div>\n                                                    <\/div><!-- .elementskit-post-body END -->\n                    <\/div>\n                \n            <\/div>\n                    <div class=\"col-lg-4 col-md-6\">\n\n                                    <div class=\"elementskit-post-image-card\">\n                        <div class=\"elementskit-entry-header\">\n                                                            <a href=\"https:\/\/sanjosei27.edu.ar\/?p=1225\" class=\"elementskit-entry-thumb\">\n                                    <img decoding=\"async\" src=\"https:\/\/sanjosei27.edu.ar\/wp-content\/uploads\/2021\/05\/Un-proyecto-interinstitucional_web.jpg\" alt=\"Alfabetizaci\u00f3n inicial en tiempos de Pandemia\">\n                                <\/a><!-- .elementskit-entry-thumb END -->\n                                                                                                    <div class=\"elementskit-meta-lists\">\n                                        <div class=\"elementskit-single-meta\"><span class=\"elementskit-meta-wraper\"><strong>21<\/strong>May<\/span><\/div>\n                                    <\/div>\n                                                                                            \n                            \n\t\t\t\t\t\t\t\t\t\t\t\t\t<\/div><!-- .elementskit-entry-header END -->\n\n\t\t\t\t\t\t<div class=\"elementskit-post-body \">\n\t\t\t\t\t\t\t\n\t\t\t\t\t\t\t\t\t\t\t\t\t\t\t\t\t\t\t\t\t\t\t\t\t\t\t\t\t\t\n\t\t\t\t\t\t\t\t\n\t\t\t\t\t\t\t\t\t\t\t\t\t\t\t\t\t\t\t\t\t<h2 class=\"entry-title\">\n\t\t\t\t\t<a href=\"https:\/\/sanjosei27.edu.ar\/?p=1225\">\n\t\t\t\t\t\tAlfabetizaci\u00f3n inicial en tiempos de Pandemia\t\t\t\t\t<\/a>\n\t\t\t\t<\/h2>\n\t\t\t\t\t\t\t\t\t\t\t\t\t\t\t\t\t\t\t\t\t\t\t\t\t\t\t\t\t\t\t\t\t\t\t\t\t\t\t\t\t\t<p>Reuni\u00f3n interinstitucional en el marco del programa de Apoyo Pedag\u00f3gico a Instituciones<\/p>\n\t\t\t\t\t\t\t\t\t\t\t\t\t\t\t\t\t\t\t\t\t\t                                                            <div class=\"btn-wraper\">\n                                    \n                                                                            <a class=\"elementskit-btn whitespace--normal\" id=\"\" href=\"https:\/\/sanjosei27.edu.ar\/?p=1225\">\n                                        \t                                            M\u00e1s Info                                        <\/a>\n                                                                    <\/div>\n                                                    <\/div><!-- .elementskit-post-body END -->\n                    <\/div>\n                \n            <\/div>\n                    <div class=\"col-lg-4 col-md-6\">\n\n                                    <div class=\"elementskit-post-image-card\">\n                        <div class=\"elementskit-entry-header\">\n                                                            <a href=\"https:\/\/sanjosei27.edu.ar\/?p=541\" class=\"elementskit-entry-thumb\">\n                                    <img decoding=\"async\" src=\"https:\/\/sanjosei27.edu.ar\/wp-content\/uploads\/2020\/10\/imagenes600x600.jpg\" alt=\"Dos jornadas dedicadas a la lengua y literatura\">\n                                <\/a><!-- .elementskit-entry-thumb END -->\n                                                                                                    <div class=\"elementskit-meta-lists\">\n                                        <div class=\"elementskit-single-meta\"><span class=\"elementskit-meta-wraper\"><strong>30<\/strong>Oct<\/span><\/div>\n                                    <\/div>\n                                                                                            \n                            \n\t\t\t\t\t\t\t\t\t\t\t\t\t<\/div><!-- .elementskit-entry-header END -->\n\n\t\t\t\t\t\t<div class=\"elementskit-post-body \">\n\t\t\t\t\t\t\t\n\t\t\t\t\t\t\t\t\t\t\t\t\t\t\t\t\t\t\t\t\t\t\t\t\t\t\t\t\t\t\n\t\t\t\t\t\t\t\t\n\t\t\t\t\t\t\t\t\t\t\t\t\t\t\t\t\t\t\t\t\t<h2 class=\"entry-title\">\n\t\t\t\t\t<a href=\"https:\/\/sanjosei27.edu.ar\/?p=541\">\n\t\t\t\t\t\tDos jornadas dedicadas a la lengua y literatura\t\t\t\t\t<\/a>\n\t\t\t\t<\/h2>\n\t\t\t\t\t\t\t\t\t\t\t\t\t\t\t\t\t\t\t\t\t\t\t\t\t\t\t\t\t\t\t\t\t\t\t\t\t\t\t\t\t\t<p>Por primera vez de manera virtual, el Instituto realiz\u00f3 sus tradicionales jornadas de Literatura Regional<\/p>\n\t\t\t\t\t\t\t\t\t\t\t\t\t\t\t\t\t\t\t\t\t\t                                                            <div class=\"btn-wraper\">\n                                    \n                                                                            <a class=\"elementskit-btn whitespace--normal\" id=\"\" href=\"https:\/\/sanjosei27.edu.ar\/?p=541\">\n                                        \t                                            M\u00e1s Info                                        <\/a>\n                                                                    <\/div>\n                                                    <\/div><!-- .elementskit-post-body END -->\n                    <\/div>\n                \n            <\/div>\n                <\/div>\n       <\/div>\t\t\t\t<\/div>\n\t\t\t\t<\/div>\n\t\t\t\t\t<\/div>\n\t\t<\/div>\n\t\t\t\t\t<\/div>\n\t\t<\/section>\n\t\t\t\t<\/div>\n\t\t","protected":false},"excerpt":{"rendered":"<p>CURSOS Y CAPACITACIONES Formaci\u00f3n Continua La formaci\u00f3n continua de estudiantes y profesionales es uno de los objetivos principales del Instituto Superior San Jos\u00e9.En ese marco, ofrecemos distintas ofertas de capacitaci\u00f3n a lo largo del a\u00f1o. Principios Orientadores Responder a las necesidades de los docentes y a sus contextos de pr\u00e1cticas espec\u00edficas. Considerar en las acciones [&hellip;]<\/p>\n","protected":false},"author":1,"featured_media":0,"parent":0,"menu_order":0,"comment_status":"closed","ping_status":"closed","template":"elementor_header_footer","meta":{"footnotes":""},"class_list":["post-547","page","type-page","status-publish","hentry"],"_links":{"self":[{"href":"https:\/\/sanjosei27.edu.ar\/index.php?rest_route=\/wp\/v2\/pages\/547","targetHints":{"allow":["GET"]}}],"collection":[{"href":"https:\/\/sanjosei27.edu.ar\/index.php?rest_route=\/wp\/v2\/pages"}],"about":[{"href":"https:\/\/sanjosei27.edu.ar\/index.php?rest_route=\/wp\/v2\/types\/page"}],"author":[{"embeddable":true,"href":"https:\/\/sanjosei27.edu.ar\/index.php?rest_route=\/wp\/v2\/users\/1"}],"replies":[{"embeddable":true,"href":"https:\/\/sanjosei27.edu.ar\/index.php?rest_route=%2Fwp%2Fv2%2Fcomments&post=547"}],"version-history":[{"count":6,"href":"https:\/\/sanjosei27.edu.ar\/index.php?rest_route=\/wp\/v2\/pages\/547\/revisions"}],"predecessor-version":[{"id":617,"href":"https:\/\/sanjosei27.edu.ar\/index.php?rest_route=\/wp\/v2\/pages\/547\/revisions\/617"}],"wp:attachment":[{"href":"https:\/\/sanjosei27.edu.ar\/index.php?rest_route=%2Fwp%2Fv2%2Fmedia&parent=547"}],"curies":[{"name":"wp","href":"https:\/\/api.w.org\/{rel}","templated":true}]}}