{"id":638,"date":"2020-11-06T00:39:09","date_gmt":"2020-11-06T03:39:09","guid":{"rendered":"http:\/\/nuevaweb.sanjosei27.edu.ar\/?page_id=638"},"modified":"2021-04-06T18:56:20","modified_gmt":"2021-04-06T21:56:20","slug":"profesorado-de-educacion-secundaria-en-lengua-y-literatura","status":"publish","type":"page","link":"https:\/\/sanjosei27.edu.ar\/?page_id=638","title":{"rendered":"Profesorado de Educaci\u00f3n Secundaria en Lengua y Literatura"},"content":{"rendered":"\t\t<div data-elementor-type=\"wp-page\" data-elementor-id=\"638\" class=\"elementor elementor-638\">\n\t\t\t\t\t\t<section class=\"elementor-section elementor-top-section elementor-element elementor-element-5f97ce3 elementor-section-boxed elementor-section-height-default elementor-section-height-default\" data-id=\"5f97ce3\" data-element_type=\"section\" data-e-type=\"section\">\n\t\t\t\t\t\t<div class=\"elementor-container elementor-column-gap-default\">\n\t\t\t\t\t<div class=\"elementor-column elementor-col-100 elementor-top-column elementor-element elementor-element-bd62e20\" data-id=\"bd62e20\" data-element_type=\"column\" data-e-type=\"column\">\n\t\t\t<div class=\"elementor-widget-wrap elementor-element-populated\">\n\t\t\t\t\t\t<div class=\"elementor-element elementor-element-09ee79d elementor-widget elementor-widget-spacer\" data-id=\"09ee79d\" data-element_type=\"widget\" data-e-type=\"widget\" data-widget_type=\"spacer.default\">\n\t\t\t\t<div class=\"elementor-widget-container\">\n\t\t\t\t\t\t\t<div class=\"elementor-spacer\">\n\t\t\t<div class=\"elementor-spacer-inner\"><\/div>\n\t\t<\/div>\n\t\t\t\t\t\t<\/div>\n\t\t\t\t<\/div>\n\t\t\t\t\t<\/div>\n\t\t<\/div>\n\t\t\t\t\t<\/div>\n\t\t<\/section>\n\t\t\t\t<section class=\"elementor-section elementor-top-section elementor-element elementor-element-51b422b elementor-section-boxed elementor-section-height-default elementor-section-height-default\" data-id=\"51b422b\" data-element_type=\"section\" data-e-type=\"section\">\n\t\t\t\t\t\t\t<div class=\"elementor-background-overlay\"><\/div>\n\t\t\t\t\t\t\t<div class=\"elementor-container elementor-column-gap-default\">\n\t\t\t\t\t<div class=\"elementor-column elementor-col-100 elementor-top-column elementor-element elementor-element-8c797c6\" data-id=\"8c797c6\" data-element_type=\"column\" data-e-type=\"column\">\n\t\t\t<div class=\"elementor-widget-wrap elementor-element-populated\">\n\t\t\t\t\t\t<div class=\"elementor-element elementor-element-a75b7ed elementor-widget elementor-widget-spacer\" data-id=\"a75b7ed\" data-element_type=\"widget\" data-e-type=\"widget\" data-widget_type=\"spacer.default\">\n\t\t\t\t<div class=\"elementor-widget-container\">\n\t\t\t\t\t\t\t<div class=\"elementor-spacer\">\n\t\t\t<div class=\"elementor-spacer-inner\"><\/div>\n\t\t<\/div>\n\t\t\t\t\t\t<\/div>\n\t\t\t\t<\/div>\n\t\t\t\t<div class=\"elementor-element elementor-element-f13d12e elementor-widget elementor-widget-heading\" data-id=\"f13d12e\" data-element_type=\"widget\" data-e-type=\"widget\" data-widget_type=\"heading.default\">\n\t\t\t\t<div class=\"elementor-widget-container\">\n\t\t\t\t\t<h2 class=\"elementor-heading-title elementor-size-default\">PROFESORADO<\/h2>\t\t\t\t<\/div>\n\t\t\t\t<\/div>\n\t\t\t\t<div class=\"elementor-element elementor-element-e1ca076 elementor-widget elementor-widget-spacer\" data-id=\"e1ca076\" data-element_type=\"widget\" data-e-type=\"widget\" data-widget_type=\"spacer.default\">\n\t\t\t\t<div class=\"elementor-widget-container\">\n\t\t\t\t\t\t\t<div class=\"elementor-spacer\">\n\t\t\t<div class=\"elementor-spacer-inner\"><\/div>\n\t\t<\/div>\n\t\t\t\t\t\t<\/div>\n\t\t\t\t<\/div>\n\t\t\t\t\t<\/div>\n\t\t<\/div>\n\t\t\t\t\t<\/div>\n\t\t<\/section>\n\t\t\t\t<section class=\"elementor-section elementor-top-section elementor-element elementor-element-13456c6 elementor-section-boxed elementor-section-height-default elementor-section-height-default\" data-id=\"13456c6\" data-element_type=\"section\" data-e-type=\"section\">\n\t\t\t\t\t\t<div class=\"elementor-container elementor-column-gap-default\">\n\t\t\t\t\t<div class=\"elementor-column elementor-col-100 elementor-top-column elementor-element elementor-element-fd48e31\" data-id=\"fd48e31\" data-element_type=\"column\" data-e-type=\"column\">\n\t\t\t<div class=\"elementor-widget-wrap elementor-element-populated\">\n\t\t\t\t\t\t<div class=\"elementor-element elementor-element-57c6a86 elementor-widget elementor-widget-elementskit-heading\" data-id=\"57c6a86\" data-element_type=\"widget\" data-e-type=\"widget\" data-widget_type=\"elementskit-heading.default\">\n\t\t\t\t<div class=\"elementor-widget-container\">\n\t\t\t\t\t<div class=\"ekit-wid-con\" ><div class=\"ekit-heading elementskit-section-title-wraper text_left   ekit_heading_tablet-   ekit_heading_mobile-\"><h3 class=\"ekit-heading--title elementskit-section-title \"><span><span>PROFESORADO<\/span><\/span> de Educaci\u00f3n Secundaria en Lengua y Literatura<\/h3><div class=\"ekit_heading_separetor_wraper ekit_heading_elementskit-border-divider elementskit-style-long\"><div class=\"elementskit-border-divider elementskit-style-long\"><\/div><\/div><\/div><\/div>\t\t\t\t<\/div>\n\t\t\t\t<\/div>\n\t\t\t\t\t<\/div>\n\t\t<\/div>\n\t\t\t\t\t<\/div>\n\t\t<\/section>\n\t\t\t\t<section class=\"elementor-section elementor-top-section elementor-element elementor-element-8023696 elementor-section-boxed elementor-section-height-default elementor-section-height-default\" data-id=\"8023696\" data-element_type=\"section\" data-e-type=\"section\">\n\t\t\t\t\t\t<div class=\"elementor-container elementor-column-gap-default\">\n\t\t\t\t\t<div class=\"elementor-column elementor-col-50 elementor-top-column elementor-element elementor-element-f90f6d9\" data-id=\"f90f6d9\" data-element_type=\"column\" data-e-type=\"column\">\n\t\t\t<div class=\"elementor-widget-wrap elementor-element-populated\">\n\t\t\t\t\t\t<div class=\"elementor-element elementor-element-4a6a4fb elementor-widget elementor-widget-text-editor\" data-id=\"4a6a4fb\" data-element_type=\"widget\" data-e-type=\"widget\" data-widget_type=\"text-editor.default\">\n\t\t\t\t<div class=\"elementor-widget-container\">\n\t\t\t\t\t\t\t\t\t<p><strong>Duraci\u00f3n:<\/strong>\u00a04 a\u00f1os<\/p><p><strong>Modalidad:<\/strong>\u00a0Presencial\u00a0<\/p>\t\t\t\t\t\t\t\t<\/div>\n\t\t\t\t<\/div>\n\t\t\t\t<div class=\"elementor-element elementor-element-50c1232 elementor-button-info elementor-widget elementor-widget-button\" data-id=\"50c1232\" data-element_type=\"widget\" data-e-type=\"widget\" data-widget_type=\"button.default\">\n\t\t\t\t<div class=\"elementor-widget-container\">\n\t\t\t\t\t\t\t\t\t<div class=\"elementor-button-wrapper\">\n\t\t\t\t\t<a class=\"elementor-button elementor-button-link elementor-size-xs\" href=\"https:\/\/sanjosei27.edu.ar\/?page_id=995\">\n\t\t\t\t\t\t<span class=\"elementor-button-content-wrapper\">\n\t\t\t\t\t\t\t\t\t<span class=\"elementor-button-text\">HORARIOS<\/span>\n\t\t\t\t\t<\/span>\n\t\t\t\t\t<\/a>\n\t\t\t\t<\/div>\n\t\t\t\t\t\t\t\t<\/div>\n\t\t\t\t<\/div>\n\t\t\t\t<div class=\"elementor-element elementor-element-4967d56 elementor-button-info elementor-widget elementor-widget-button\" data-id=\"4967d56\" data-element_type=\"widget\" data-e-type=\"widget\" data-widget_type=\"button.default\">\n\t\t\t\t<div class=\"elementor-widget-container\">\n\t\t\t\t\t\t\t\t\t<div class=\"elementor-button-wrapper\">\n\t\t\t\t\t<a class=\"elementor-button elementor-button-link elementor-size-xs\" href=\"https:\/\/sanjosei27.edu.ar\/?page_id=1009\">\n\t\t\t\t\t\t<span class=\"elementor-button-content-wrapper\">\n\t\t\t\t\t\t\t\t\t<span class=\"elementor-button-text\">PLAN DE ESTUDIO<\/span>\n\t\t\t\t\t<\/span>\n\t\t\t\t\t<\/a>\n\t\t\t\t<\/div>\n\t\t\t\t\t\t\t\t<\/div>\n\t\t\t\t<\/div>\n\t\t\t\t<div class=\"elementor-element elementor-element-9339b37 elementor-button-info elementor-widget elementor-widget-button\" data-id=\"9339b37\" data-element_type=\"widget\" data-e-type=\"widget\" data-widget_type=\"button.default\">\n\t\t\t\t<div class=\"elementor-widget-container\">\n\t\t\t\t\t\t\t\t\t<div class=\"elementor-button-wrapper\">\n\t\t\t\t\t<a class=\"elementor-button elementor-button-link elementor-size-xs\" href=\"https:\/\/sanjosei27.edu.ar\/?page_id=1015\">\n\t\t\t\t\t\t<span class=\"elementor-button-content-wrapper\">\n\t\t\t\t\t\t\t\t\t<span class=\"elementor-button-text\">R\u00c9GIMEN DE PROMOCI\u00d3N<\/span>\n\t\t\t\t\t<\/span>\n\t\t\t\t\t<\/a>\n\t\t\t\t<\/div>\n\t\t\t\t\t\t\t\t<\/div>\n\t\t\t\t<\/div>\n\t\t\t\t<div class=\"elementor-element elementor-element-f3574dd elementor-widget elementor-widget-text-editor\" data-id=\"f3574dd\" data-element_type=\"widget\" data-e-type=\"widget\" data-widget_type=\"text-editor.default\">\n\t\t\t\t<div class=\"elementor-widget-container\">\n\t\t\t\t\t\t\t\t\t<p class=\"home_slider_titulo\"><strong>Objetivos de la Carrera<\/strong><\/p><p>La docencia es una profesi\u00f3n que hace de los saberes y de la transmisi\u00f3n cultural su sentido sustantivo, pero guarda una relaci\u00f3n peculiar con tales saberes. Por un lado, porque transmite un saber que no produce; por otro lado, porque para poder llevar a buen t\u00e9rmino esa transmisi\u00f3n, produce un saber que no suele ser reconocido como tal (Terigi, 2007). Encontramos aqu\u00ed un rasgo de identidad del sistema formador: la producci\u00f3n de saberes sobre la ense\u00f1anza, sobre el trabajo docente sobre la formaci\u00f3n y la instituci\u00f3n.<\/p><p>El Profesorado de Educaci\u00f3n Secundaria en Lengua y Literatura constituye una propuesta que articula el conjunto de saberes necesarios para el desarrollo de las capacidades que definen el ejercicio de la funci\u00f3n docente en este nivel, lo que resulta, en la actualidad, un desaf\u00edo central en materia de pol\u00edtica curricular dado el car\u00e1cter constitutivamente complejo de la tarea de ense\u00f1anza.<\/p><p>En este contexto, resulta necesario interrogarse acerca de los saberes y capacidades relevantes para la formaci\u00f3n profesional del futuro profesor o, acerca de cu\u00e1les son los rasgos que debieran caracterizar al docente como &#8220;ciudadano de este mundo&#8221;.<\/p><p>Las capacidades que debe desarrollar un docente son m\u00faltiples y de diversa naturaleza, ya que la ense\u00f1anza moviliza distintos tipos de acci\u00f3n, requiriendo el manejo no s\u00f3lo del contenido, sino estrategias y pericia t\u00e9cnica para dise\u00f1ar propuestas v\u00e1lidas y viables. Por ello no es posible reducir la tarea docente a un tipo particular de acci\u00f3n; el profesor debe disponer de una variedad de saberes de origen diverso y competencias que le permitan obrar adecuadamente en diferentes circunstancias.<\/p><p>El equilibrio y la articulaci\u00f3n en el tratamiento de saberes did\u00e1cticos y disciplinares es fundamental y remite a la capacidad del educador de transformar los conocimientos de contenidos que posee en formas pedag\u00f3gicamente poderosas y adaptables a las variantes de habilidad y antecedentes presentadas por los alumnos (Shulman, 1987).<\/p><h5 class=\"home_slider_titulo\">Estructura Curricular<\/h5><p>El plan de estudios del Profesorado de Educaci\u00f3n Secundaria en Lengua y Literatura est\u00e1 organizado en tres campos de conocimiento:<\/p><ul><li style=\"list-style-type: none;\"><ul><li>el Campo de la Formaci\u00f3n General<\/li><li>el Campo de la Formaci\u00f3n Espec\u00edfica<\/li><li>el Campo de la Pr\u00e1ctica Profesional, presentes en cada uno de los a\u00f1os que conforman el plan de estudios de la carrera.<\/li><\/ul><\/li><\/ul><p>&#8220;La presencia de los campos de conocimientos en los dise\u00f1os curriculares no implica una secuencia vertical de l\u00f3gica deductiva, sino una integraci\u00f3n progresiva y articulada a lo largo de los mismos. En este sentido, se recomienda que la Formaci\u00f3n en la Pr\u00e1ctica Profesional acompa\u00f1e y articule las contribuciones de los otros dos campos desde el comienzo de la formaci\u00f3n, aumentando progresivamente su presencia, hasta culminar en las Residencias Pedag\u00f3gicas&#8221;.<\/p>\t\t\t\t\t\t\t\t<\/div>\n\t\t\t\t<\/div>\n\t\t\t\t\t<\/div>\n\t\t<\/div>\n\t\t\t\t<div class=\"elementor-column elementor-col-50 elementor-top-column elementor-element elementor-element-9c1561c\" data-id=\"9c1561c\" data-element_type=\"column\" data-e-type=\"column\">\n\t\t\t<div class=\"elementor-widget-wrap elementor-element-populated\">\n\t\t\t\t\t\t<div class=\"elementor-element elementor-element-0e79063 elementor-widget elementor-widget-video\" data-id=\"0e79063\" data-element_type=\"widget\" data-e-type=\"widget\" data-settings=\"{&quot;youtube_url&quot;:&quot;https:\\\/\\\/www.youtube.com\\\/watch?v=Klv2EIGCzdI&quot;,&quot;video_type&quot;:&quot;youtube&quot;,&quot;controls&quot;:&quot;yes&quot;}\" data-widget_type=\"video.default\">\n\t\t\t\t<div class=\"elementor-widget-container\">\n\t\t\t\t\t\t\t<div class=\"elementor-wrapper elementor-open-inline\">\n\t\t\t<div class=\"elementor-video\"><\/div>\t\t<\/div>\n\t\t\t\t\t\t<\/div>\n\t\t\t\t<\/div>\n\t\t\t\t<div class=\"elementor-element elementor-element-d76c28c elementor-widget elementor-widget-text-editor\" data-id=\"d76c28c\" data-element_type=\"widget\" data-e-type=\"widget\" data-widget_type=\"text-editor.default\">\n\t\t\t\t<div class=\"elementor-widget-container\">\n\t\t\t\t\t\t\t\t\t<h5 class=\"home_slider_titulo\">PRINCIPALES DESEMPE\u00d1OS PROFESIONALES<\/h5><p>En el marco de la concepci\u00f3n de formaci\u00f3n docente continua, acorde con el desempe\u00f1o del rol como profesional, se requiere un docente con capacidad para el desempe\u00f1o en diferentes tareas, en distintos \u00e1mbitos (de ense\u00f1anza, de organizaci\u00f3n, e institucional) y diferentes contextos.<\/p><p>Se pretende un docente formado para el nivel, en condiciones para desempe\u00f1ar su tarea en realidades diversas, espacios urbanos, suburbanos y rurales, con alumnos que van desde la ni\u00f1ez hasta la adultez, connotados por la fragmentaci\u00c3\u00b3n social y la segmentaci\u00f3n territorial. Como as\u00ed tambi\u00e9n, capaz para capturar los nuevos desaf\u00edos para una educaci\u00f3n pensada en t\u00e9rminos prospectivos.<\/p><p>En dicho sentido se pretende un docente id\u00f3neo, consciente de la necesidad de una formaci\u00f3n docente continua que se inicia en el trayecto de formaci\u00f3n inicial y contin\u00faa durante su ejercicio profesional en forma permanente, mediante acciones diferentes de formaci\u00f3n y capacitaci\u00f3n: de perfeccionamiento, actualizaci\u00f3n e investigaci\u00f3n sobre sus propias pr\u00e1cticas profesionales docentes.<\/p><p>Id\u00f3neo en el an\u00e1lisis e interpretaci\u00f3n de producciones que ata\u00f1en a su tarea docente, con el objeto de evaluar su desempe\u00f1o, y adecuar sus intervenciones acordes con una perspectiva superadora y de mejoramiento de la calidad educativa del sujeto en formaci\u00f3n, para el nivel en el cual se desempe\u00f1a.<\/p><p>Para ello debe poseer un caudal formativo que le permita tomar decisiones respecto de la selecci\u00f3n y organizaci\u00f3n de los distintos componentes curriculares en el marco del dise\u00f1o de la ense\u00f1anza, como tambi\u00e9n capacidad de discernimiento para analizar y seleccionar diferentes materiales curriculares que coadyuven a su tarea docente. La docencia como pr\u00e1ctica centrada en la ense\u00f1anza implica capacidad para (Res. CFE N\u00ba 24\/07):<\/p><ul><li style=\"list-style-type: none;\"><ul><li>Dominar los conocimientos a ense\u00f1ar y actualizar su propio marco de referencia te\u00f3rico.<\/li><\/ul><\/li><\/ul><p>\u00a0<\/p><ul><li style=\"list-style-type: none;\"><ul><li>Adecuar, producir y evaluar contenidos curriculares.<\/li><\/ul><\/li><\/ul><p>\u00a0<\/p><ul><li style=\"list-style-type: none;\"><ul><li>Reconocer el sentido educativo de los contenidos a ense\u00f1ar.<\/li><\/ul><\/li><\/ul><p>\u00a0<\/p><ul><li style=\"list-style-type: none;\"><ul><li>Ampliar su propio horizonte cultural m\u00e1s all\u00e1 de los contenidos culturales imprescindibles para ense\u00f1ar en la clase.<\/li><\/ul><\/li><\/ul><p>\u00a0<\/p><ul><li style=\"list-style-type: none;\"><ul><li>Identificar las caracter\u00edsticas y necesidades de aprendizaje de los alumnos como base para su actuaci\u00f3n docente.<\/li><\/ul><\/li><\/ul><p>\u00a0<\/p><ul><li style=\"list-style-type: none;\"><ul><li>Organizar y dirigir situaciones de aprendizaje, utilizando al contexto sociopol\u00edtico, sociocultural y socioling\u00fc\u00edstico como fuente de ense\u00f1anza.<\/li><\/ul><\/li><\/ul><p>\u00a0<\/p><ul><li style=\"list-style-type: none;\"><ul><li>Concebir y desarrollar dispositivos pedag\u00f3gicos para la diversidad asentados sobre la confianza en las posibilidades de aprender de los alumnos.<\/li><\/ul><\/li><\/ul><p>\u00a0<\/p><ul><li style=\"list-style-type: none;\"><ul><li>Involucrar activamente a los alumnos en sus aprendizajes y en su trabajo.<\/li><\/ul><\/li><\/ul><p>\u00a0<\/p><ul><li style=\"list-style-type: none;\"><ul><li>Acompa\u00f1ar el avance en el aprendizaje de los alumnos identificando tanto los factores que lo potencian como los obst\u00e1culos que constituyen dificultades para el aprender.<\/li><\/ul><\/li><\/ul><p>\u00a0<\/p><ul><li style=\"list-style-type: none;\"><ul><li>Tomar decisiones sobre la administraci\u00f3n de los tiempos y el ambiente del aula para permitir el logro de aprendizajes del conjunto de los alumnos.<\/li><\/ul><\/li><\/ul><p>\u00a0<\/p><ul><li style=\"list-style-type: none;\"><ul><li>Conducir los procesos grupales y facilitar el aprendizaje individual.<\/li><\/ul><\/li><\/ul><p>\u00a0<\/p><ul><li style=\"list-style-type: none;\"><ul><li>Reconocer y utilizar los recursos disponibles en la escuela para su aprovechamiento en la ense\u00f1anza.<\/li><\/ul><\/li><\/ul><p>\u00a0<\/p><ul><li style=\"list-style-type: none;\"><ul><li>Seleccionar y utilizar nuevas tecnolog\u00edas de manera contextualizada.<\/li><\/ul><\/li><\/ul><p>\u00a0<\/p><ul><li style=\"list-style-type: none;\"><ul><li>Reconocer las caracter\u00edsticas y necesidades del contexto inmediato y mediato de la escuela y de las familias.<\/li><\/ul><\/li><\/ul><p>\u00a0<\/p><ul><li style=\"list-style-type: none;\"><ul><li>Participar en el intercambio y comunicaci\u00f3n con los familias para retroalimentar su propia tarea.<br \/><br \/><\/li><li>Trabajar en equipo con otros docentes, elaborar proyectos institucionales compartidos y participar y proponer actividades propias de la escuela.<\/li><\/ul><\/li><\/ul>\t\t\t\t\t\t\t\t<\/div>\n\t\t\t\t<\/div>\n\t\t\t\t\t<\/div>\n\t\t<\/div>\n\t\t\t\t\t<\/div>\n\t\t<\/section>\n\t\t\t\t<\/div>\n\t\t","protected":false},"excerpt":{"rendered":"<p>PROFESORADO PROFESORADO de Educaci\u00f3n Secundaria en Lengua y Literatura Duraci\u00f3n:\u00a04 a\u00f1os Modalidad:\u00a0Presencial\u00a0 HORARIOS PLAN DE ESTUDIO R\u00c9GIMEN DE PROMOCI\u00d3N Objetivos de la Carrera La docencia es una profesi\u00f3n que hace de los saberes y de la transmisi\u00f3n cultural su sentido sustantivo, pero guarda una relaci\u00f3n peculiar con tales saberes. Por un lado, porque transmite un [&hellip;]<\/p>\n","protected":false},"author":1,"featured_media":0,"parent":0,"menu_order":0,"comment_status":"closed","ping_status":"closed","template":"elementor_header_footer","meta":{"footnotes":""},"class_list":["post-638","page","type-page","status-publish","hentry"],"_links":{"self":[{"href":"https:\/\/sanjosei27.edu.ar\/index.php?rest_route=\/wp\/v2\/pages\/638","targetHints":{"allow":["GET"]}}],"collection":[{"href":"https:\/\/sanjosei27.edu.ar\/index.php?rest_route=\/wp\/v2\/pages"}],"about":[{"href":"https:\/\/sanjosei27.edu.ar\/index.php?rest_route=\/wp\/v2\/types\/page"}],"author":[{"embeddable":true,"href":"https:\/\/sanjosei27.edu.ar\/index.php?rest_route=\/wp\/v2\/users\/1"}],"replies":[{"embeddable":true,"href":"https:\/\/sanjosei27.edu.ar\/index.php?rest_route=%2Fwp%2Fv2%2Fcomments&post=638"}],"version-history":[{"count":19,"href":"https:\/\/sanjosei27.edu.ar\/index.php?rest_route=\/wp\/v2\/pages\/638\/revisions"}],"predecessor-version":[{"id":1033,"href":"https:\/\/sanjosei27.edu.ar\/index.php?rest_route=\/wp\/v2\/pages\/638\/revisions\/1033"}],"wp:attachment":[{"href":"https:\/\/sanjosei27.edu.ar\/index.php?rest_route=%2Fwp%2Fv2%2Fmedia&parent=638"}],"curies":[{"name":"wp","href":"https:\/\/api.w.org\/{rel}","templated":true}]}}